{"id":899,"date":"2025-06-02T14:08:52","date_gmt":"2025-06-02T14:08:52","guid":{"rendered":"https:\/\/f6k.bd9.myftpupload.com\/?page_id=899"},"modified":"2025-12-11T09:40:29","modified_gmt":"2025-12-11T09:40:29","slug":"registration","status":"publish","type":"page","link":"https:\/\/www.werkschulheim.at\/en\/anmeldung\/","title":{"rendered":"Registration"},"content":{"rendered":"\t\t<div data-elementor-type=\"wp-page\" data-elementor-id=\"899\" class=\"elementor elementor-899\" data-elementor-post-type=\"page\">\n\t\t\t\t<div class=\"elementor-element elementor-element-ab20829 e-con-full e-flex e-con e-parent\" data-id=\"ab20829\" data-element_type=\"container\" data-e-type=\"container\" data-settings=\"{&quot;background_background&quot;:&quot;classic&quot;,&quot;jet_parallax_layout_list&quot;:[]}\">\n\t\t\t\t<div class=\"elementor-element elementor-element-53a2154 elementor-widget elementor-widget-heading\" data-id=\"53a2154\" data-element_type=\"widget\" data-e-type=\"widget\" data-widget_type=\"heading.default\">\n\t\t\t\t<div class=\"elementor-widget-container\">\n\t\t\t\t\t<h1 class=\"elementor-heading-title elementor-size-default\">Anmeldung<\/h1>\t\t\t\t<\/div>\n\t\t\t\t<\/div>\n\t\t<div class=\"elementor-element elementor-element-0a97bbe e-con-full e-flex e-con e-child\" data-id=\"0a97bbe\" data-element_type=\"container\" data-e-type=\"container\" data-settings=\"{&quot;jet_parallax_layout_list&quot;:[]}\">\n\t\t\t\t<div class=\"elementor-element elementor-element-0be926a elementor-align-left elementor-widget elementor-widget-button\" data-id=\"0be926a\" data-element_type=\"widget\" data-e-type=\"widget\" data-widget_type=\"button.default\">\n\t\t\t\t<div class=\"elementor-widget-container\">\n\t\t\t\t\t\t\t\t\t<div class=\"elementor-button-wrapper\">\n\t\t\t\t\t<a class=\"elementor-button elementor-button-link elementor-size-sm\" href=\"#kosten\">\n\t\t\t\t\t\t<span class=\"elementor-button-content-wrapper\">\n\t\t\t\t\t\t\t\t\t<span class=\"elementor-button-text\">zu den Kosten<\/span>\n\t\t\t\t\t<\/span>\n\t\t\t\t\t<\/a>\n\t\t\t\t<\/div>\n\t\t\t\t\t\t\t\t<\/div>\n\t\t\t\t<\/div>\n\t\t\t\t<div class=\"elementor-element elementor-element-6ff732d elementor-align-left elementor-widget elementor-widget-button\" data-id=\"6ff732d\" data-element_type=\"widget\" data-e-type=\"widget\" data-widget_type=\"button.default\">\n\t\t\t\t<div class=\"elementor-widget-container\">\n\t\t\t\t\t\t\t\t\t<div class=\"elementor-button-wrapper\">\n\t\t\t\t\t<a class=\"elementor-button elementor-button-link elementor-size-sm\" href=\"https:\/\/www.werkschulheim.at\/wp-content\/uploads\/2025\/12\/Aufnahmeantrag.pdf\" target=\"_blank\">\n\t\t\t\t\t\t<span class=\"elementor-button-content-wrapper\">\n\t\t\t\t\t\t\t\t\t<span class=\"elementor-button-text\">Anmeldeformular download<\/span>\n\t\t\t\t\t<\/span>\n\t\t\t\t\t<\/a>\n\t\t\t\t<\/div>\n\t\t\t\t\t\t\t\t<\/div>\n\t\t\t\t<\/div>\n\t\t\t\t<div class=\"elementor-element elementor-element-c3d14a8 elementor-align-left elementor-widget elementor-widget-button\" data-id=\"c3d14a8\" data-element_type=\"widget\" data-e-type=\"widget\" data-widget_type=\"button.default\">\n\t\t\t\t<div class=\"elementor-widget-container\">\n\t\t\t\t\t\t\t\t\t<div class=\"elementor-button-wrapper\">\n\t\t\t\t\t<a class=\"elementor-button elementor-button-link elementor-size-sm\" href=\"\/anmeldeformular-online\/\" target=\"_blank\">\n\t\t\t\t\t\t<span class=\"elementor-button-content-wrapper\">\n\t\t\t\t\t\t\t\t\t<span class=\"elementor-button-text\">Anmeldeformular online<\/span>\n\t\t\t\t\t<\/span>\n\t\t\t\t\t<\/a>\n\t\t\t\t<\/div>\n\t\t\t\t\t\t\t\t<\/div>\n\t\t\t\t<\/div>\n\t\t\t\t<div class=\"elementor-element elementor-element-6cf1385 elementor-align-left elementor-widget elementor-widget-button\" data-id=\"6cf1385\" data-element_type=\"widget\" data-e-type=\"widget\" data-widget_type=\"button.default\">\n\t\t\t\t<div class=\"elementor-widget-container\">\n\t\t\t\t\t\t\t\t\t<div class=\"elementor-button-wrapper\">\n\t\t\t\t\t<a class=\"elementor-button elementor-button-link elementor-size-sm\" href=\"\/ueber-uns\/#auszeichnungen\">\n\t\t\t\t\t\t<span class=\"elementor-button-content-wrapper\">\n\t\t\t\t\t\t\t\t\t<span class=\"elementor-button-text\">Auszeichnungen der Schule<\/span>\n\t\t\t\t\t<\/span>\n\t\t\t\t\t<\/a>\n\t\t\t\t<\/div>\n\t\t\t\t\t\t\t\t<\/div>\n\t\t\t\t<\/div>\n\t\t\t\t<div class=\"elementor-element elementor-element-0d3b469 elementor-align-left elementor-widget elementor-widget-button\" data-id=\"0d3b469\" data-element_type=\"widget\" data-e-type=\"widget\" data-widget_type=\"button.default\">\n\t\t\t\t<div class=\"elementor-widget-container\">\n\t\t\t\t\t\t\t\t\t<div class=\"elementor-button-wrapper\">\n\t\t\t\t\t<a class=\"elementor-button elementor-button-link elementor-size-sm\" href=\"\/nachhaltigkeit\/\">\n\t\t\t\t\t\t<span class=\"elementor-button-content-wrapper\">\n\t\t\t\t\t\t\t\t\t<span class=\"elementor-button-text\">Nachhaltigkeit<\/span>\n\t\t\t\t\t<\/span>\n\t\t\t\t\t<\/a>\n\t\t\t\t<\/div>\n\t\t\t\t\t\t\t\t<\/div>\n\t\t\t\t<\/div>\n\t\t\t\t<\/div>\n\t\t\t\t<\/div>\n\t\t<div class=\"elementor-element elementor-element-407de38 e-flex e-con-boxed e-con e-parent\" data-id=\"407de38\" data-element_type=\"container\" data-e-type=\"container\" data-settings=\"{&quot;jet_parallax_layout_list&quot;:[],&quot;background_background&quot;:&quot;classic&quot;,&quot;shape_divider_top&quot;:&quot;opacity-tilt&quot;}\">\n\t\t\t\t\t<div class=\"e-con-inner\">\n\t\t\t\t<div class=\"elementor-shape elementor-shape-top\" aria-hidden=\"true\" data-negative=\"false\">\n\t\t\t<svg xmlns=\"http:\/\/www.w3.org\/2000\/svg\" viewBox=\"0 0 2600 131.1\" preserveAspectRatio=\"none\">\n\t<path class=\"elementor-shape-fill\" d=\"M0 0L2600 0 2600 69.1 0 0z\"\/>\n\t<path class=\"elementor-shape-fill\" style=\"opacity:0.5\" d=\"M0 0L2600 0 2600 69.1 0 69.1z\"\/>\n\t<path class=\"elementor-shape-fill\" style=\"opacity:0.25\" d=\"M2600 0L0 0 0 130.1 2600 69.1z\"\/>\n<\/svg>\t\t<\/div>\n\t\t<div class=\"elementor-element elementor-element-48d2750 e-con-full e-flex e-con e-child\" data-id=\"48d2750\" data-element_type=\"container\" data-e-type=\"container\" data-settings=\"{&quot;jet_parallax_layout_list&quot;:[],&quot;background_background&quot;:&quot;classic&quot;}\">\n\t\t\t\t<div class=\"elementor-element elementor-element-7aecbae elementor-widget elementor-widget-heading\" data-id=\"7aecbae\" data-element_type=\"widget\" data-e-type=\"widget\" data-widget_type=\"heading.default\">\n\t\t\t\t<div class=\"elementor-widget-container\">\n\t\t\t\t\t<h2 class=\"elementor-heading-title elementor-size-default\">Anmeldung und Aufnahme ins Werkschulheim<\/h2>\t\t\t\t<\/div>\n\t\t\t\t<\/div>\n\t\t\t\t<div class=\"elementor-element elementor-element-c15639e elementor-widget elementor-widget-text-editor\" data-id=\"c15639e\" data-element_type=\"widget\" data-e-type=\"widget\" data-widget_type=\"text-editor.default\">\n\t\t\t\t<div class=\"elementor-widget-container\">\n\t\t\t\t\t\t\t\t\t<p>Die Anmeldung ist grunds\u00e4tzlich jederzeit m\u00f6glich und erfolgt \u00fcber den Aufnahmeantrag.<\/p><p><strong>Anmeldeschluss f\u00fcr das Schuljahr 2026\/27 ist der <span style=\"text-decoration: underline;\">20. J\u00e4nner 2026<\/span><\/strong><\/p><p>Der Aufnahmeantrag kann ganz einfach gestellt werden.<br \/>Es stehen Ihnen dazu zwei Optionen zur Verf\u00fcgung:<\/p><ol><li>\u00dcber\u00a0das <a href=\"\/anmeldeformular-online\/\"><span style=\"text-decoration: underline; color: #0a75a1;\">elektronische Anmeldeformular<\/span><\/a><\/li><li>Auf postalischem Weg:<\/li><\/ol><ul><li><a href=\"https:\/\/f6k.bd9.myftpupload.com\/wp-content\/uploads\/2025\/06\/Anmeldeformular-zur-Aufnahme-ins-Werkschulheim.pdf\" target=\"_blank\" rel=\"noopener\"><span style=\"text-decoration: underline; color: #0a75a1;\">Aufnahmeantrag<\/span><\/a>\u00a0herunter laden.<\/li><li>Antrag ausf\u00fcllen.<\/li><li>das ausgef\u00fcllte Dokument per Post an folgende Adresse schicken:<br \/>Werkschulheim Felbertal<br \/>Werkschulheimstra\u00dfe 11<br \/>5323 Ebenau<\/li><\/ul><p>Alle angemeldeten Sch\u00fclerinnen und Sch\u00fcler f\u00fcr die erste Klasse und f\u00fcr die Oberstufe werden zu den Kennenlerntagen eingeladen, die jeweils am Ende des ersten Semesters stattfindet. Direkt anschlie\u00dfend erfolgt die Verst\u00e4ndigung \u00fcber Aufnahme\/Abweisung.<\/p><p><strong>Kennenlerntage 1. Klasse: 2. bis 4. Februar 2026<\/strong><br \/><strong>Kennenlerntage 5. Klasse: 23. und 24. J\u00e4nner 2026<\/strong><\/p><p>\u201eQuereinsteiger\u201c in die 2.-5. Klassen k\u00f6nnen jederzeit Schnuppertage vereinbaren. Bitte zuerst mit der Assistenz Schulleitung (<span style=\"color: #333399;\"><a style=\"color: #333399;\" href=\"mailto:office@werkschulheim.at\">office@werkschulheim.at<\/a><\/span>\u00a0oder Tel\u00a0<a href=\"tel:+4362217281123\" target=\"_blank\" rel=\"noopener\"><span style=\"color: #333399;\">+436221\u00a07281\u00a0123<\/span><\/a>) einen Gespr\u00e4chstermin mit der Direktion und Internatsleitung vereinbaren, damit Voraussetzungen und offene Fragen im Vorfeld gekl\u00e4rt werden k\u00f6nnen.<\/p>\t\t\t\t\t\t\t\t<\/div>\n\t\t\t\t<\/div>\n\t\t<div class=\"elementor-element elementor-element-2efca52 e-con-full e-flex e-con e-child\" data-id=\"2efca52\" data-element_type=\"container\" data-e-type=\"container\" data-settings=\"{&quot;jet_parallax_layout_list&quot;:[]}\">\n\t\t\t\t<div class=\"elementor-element elementor-element-002fefd elementor-widget elementor-widget-button\" data-id=\"002fefd\" data-element_type=\"widget\" data-e-type=\"widget\" data-widget_type=\"button.default\">\n\t\t\t\t<div class=\"elementor-widget-container\">\n\t\t\t\t\t\t\t\t\t<div class=\"elementor-button-wrapper\">\n\t\t\t\t\t<a class=\"elementor-button elementor-button-link elementor-size-sm\" href=\"https:\/\/www.werkschulheim.at\/wp-content\/uploads\/2025\/12\/Aufnahmeantrag.pdf\" target=\"_blank\">\n\t\t\t\t\t\t<span class=\"elementor-button-content-wrapper\">\n\t\t\t\t\t\t\t\t\t<span class=\"elementor-button-text\">Anmeldeformular Download<\/span>\n\t\t\t\t\t<\/span>\n\t\t\t\t\t<\/a>\n\t\t\t\t<\/div>\n\t\t\t\t\t\t\t\t<\/div>\n\t\t\t\t<\/div>\n\t\t\t\t<div class=\"elementor-element elementor-element-1d75786 elementor-widget elementor-widget-button\" data-id=\"1d75786\" data-element_type=\"widget\" data-e-type=\"widget\" data-widget_type=\"button.default\">\n\t\t\t\t<div class=\"elementor-widget-container\">\n\t\t\t\t\t\t\t\t\t<div class=\"elementor-button-wrapper\">\n\t\t\t\t\t<a class=\"elementor-button elementor-button-link elementor-size-sm\" href=\"\/anmeldeformular-online\/\">\n\t\t\t\t\t\t<span class=\"elementor-button-content-wrapper\">\n\t\t\t\t\t\t\t\t\t<span class=\"elementor-button-text\">zum E-Anmeldeformular<\/span>\n\t\t\t\t\t<\/span>\n\t\t\t\t\t<\/a>\n\t\t\t\t<\/div>\n\t\t\t\t\t\t\t\t<\/div>\n\t\t\t\t<\/div>\n\t\t\t\t<\/div>\n\t\t\t\t<\/div>\n\t\t<div class=\"elementor-element elementor-element-c38e13b e-con-full elementor-hidden-mobile e-flex e-con e-child\" data-id=\"c38e13b\" data-element_type=\"container\" data-e-type=\"container\" data-settings=\"{&quot;jet_parallax_layout_list&quot;:[],&quot;background_background&quot;:&quot;classic&quot;}\">\n\t\t\t\t<div class=\"elementor-element elementor-element-f4394c5 elementor-widget elementor-widget-image\" data-id=\"f4394c5\" data-element_type=\"widget\" data-e-type=\"widget\" data-widget_type=\"image.default\">\n\t\t\t\t<div class=\"elementor-widget-container\">\n\t\t\t\t\t\t\t\t\t\t\t\t\t\t\t<img fetchpriority=\"high\" decoding=\"async\" width=\"800\" height=\"800\" src=\"https:\/\/www.werkschulheim.at\/wp-content\/uploads\/2025\/04\/favicon_neu-1024x1024.png\" class=\"attachment-large size-large wp-image-54\" alt=\"Favicon Werkschulheim Felbertal\" srcset=\"https:\/\/www.werkschulheim.at\/wp-content\/uploads\/2025\/04\/favicon_neu-1024x1024.png 1024w, https:\/\/www.werkschulheim.at\/wp-content\/uploads\/2025\/04\/favicon_neu-300x300.png 300w, https:\/\/www.werkschulheim.at\/wp-content\/uploads\/2025\/04\/favicon_neu-150x150.png 150w, https:\/\/www.werkschulheim.at\/wp-content\/uploads\/2025\/04\/favicon_neu-768x768.png 768w, https:\/\/www.werkschulheim.at\/wp-content\/uploads\/2025\/04\/favicon_neu-1536x1536.png 1536w, https:\/\/www.werkschulheim.at\/wp-content\/uploads\/2025\/04\/favicon_neu-2048x2048.png 2048w\" sizes=\"(max-width: 800px) 100vw, 800px\" \/>\t\t\t\t\t\t\t\t\t\t\t\t\t\t\t<\/div>\n\t\t\t\t<\/div>\n\t\t\t\t<\/div>\n\t\t\t\t\t<\/div>\n\t\t\t\t<\/div>\n\t\t<div class=\"elementor-element elementor-element-4cdd11b e-flex e-con-boxed e-con e-parent\" data-id=\"4cdd11b\" data-element_type=\"container\" data-e-type=\"container\" data-settings=\"{&quot;jet_parallax_layout_list&quot;:[],&quot;background_background&quot;:&quot;classic&quot;}\">\n\t\t\t\t\t<div class=\"e-con-inner\">\n\t\t\t\t<div class=\"elementor-element elementor-element-d98a651 elementor-widget elementor-widget-menu-anchor\" data-id=\"d98a651\" data-element_type=\"widget\" data-e-type=\"widget\" data-widget_type=\"menu-anchor.default\">\n\t\t\t\t<div class=\"elementor-widget-container\">\n\t\t\t\t\t\t\t<div class=\"elementor-menu-anchor\" id=\"kosten\"><\/div>\n\t\t\t\t\t\t<\/div>\n\t\t\t\t<\/div>\n\t\t\t\t<div class=\"elementor-element elementor-element-5da4882 elementor-view-default elementor-invisible elementor-widget elementor-widget-icon\" data-id=\"5da4882\" data-element_type=\"widget\" data-e-type=\"widget\" data-settings=\"{&quot;_animation&quot;:&quot;fadeInLeft&quot;,&quot;_animation_delay&quot;:100}\" data-widget_type=\"icon.default\">\n\t\t\t\t<div class=\"elementor-widget-container\">\n\t\t\t\t\t\t\t<div class=\"elementor-icon-wrapper\">\n\t\t\t<div class=\"elementor-icon\">\n\t\t\t<i aria-hidden=\"true\" class=\"fas fa-rocket\"><\/i>\t\t\t<\/div>\n\t\t<\/div>\n\t\t\t\t\t\t<\/div>\n\t\t\t\t<\/div>\n\t\t\t\t<div class=\"elementor-element elementor-element-dc3f62b elementor-widget elementor-widget-heading\" data-id=\"dc3f62b\" data-element_type=\"widget\" data-e-type=\"widget\" data-widget_type=\"heading.default\">\n\t\t\t\t<div class=\"elementor-widget-container\">\n\t\t\t\t\t<h2 class=\"elementor-heading-title elementor-size-default\">Investieren Sie in die Zukunft Ihres Kindes<\/h2>\t\t\t\t<\/div>\n\t\t\t\t<\/div>\n\t\t\t\t\t<\/div>\n\t\t\t\t<\/div>\n\t\t<div class=\"elementor-element elementor-element-9c454af e-flex e-con-boxed e-con e-parent\" data-id=\"9c454af\" data-element_type=\"container\" data-e-type=\"container\" data-settings=\"{&quot;jet_parallax_layout_list&quot;:[],&quot;background_background&quot;:&quot;classic&quot;,&quot;shape_divider_bottom&quot;:&quot;opacity-tilt&quot;}\">\n\t\t\t\t\t<div class=\"e-con-inner\">\n\t\t\t\t<div class=\"elementor-shape elementor-shape-bottom\" aria-hidden=\"true\" data-negative=\"false\">\n\t\t\t<svg xmlns=\"http:\/\/www.w3.org\/2000\/svg\" viewBox=\"0 0 2600 131.1\" preserveAspectRatio=\"none\">\n\t<path class=\"elementor-shape-fill\" d=\"M0 0L2600 0 2600 69.1 0 0z\"\/>\n\t<path class=\"elementor-shape-fill\" style=\"opacity:0.5\" d=\"M0 0L2600 0 2600 69.1 0 69.1z\"\/>\n\t<path class=\"elementor-shape-fill\" style=\"opacity:0.25\" d=\"M2600 0L0 0 0 130.1 2600 69.1z\"\/>\n<\/svg>\t\t<\/div>\n\t\t<div class=\"elementor-element elementor-element-cd0dba8 e-con-full e-flex e-con e-child\" data-id=\"cd0dba8\" data-element_type=\"container\" data-e-type=\"container\" data-settings=\"{&quot;jet_parallax_layout_list&quot;:[],&quot;background_background&quot;:&quot;classic&quot;}\">\n\t\t\t\t<div class=\"elementor-element elementor-element-4575d42 elementor-widget elementor-widget-heading\" data-id=\"4575d42\" data-element_type=\"widget\" data-e-type=\"widget\" data-widget_type=\"heading.default\">\n\t\t\t\t<div class=\"elementor-widget-container\">\n\t\t\t\t\t<h2 class=\"elementor-heading-title elementor-size-default\">Die Schul- und Internatskosten<\/h2>\t\t\t\t<\/div>\n\t\t\t\t<\/div>\n\t\t\t\t<div class=\"elementor-element elementor-element-0790671 elementor-widget elementor-widget-text-editor\" data-id=\"0790671\" data-element_type=\"widget\" data-e-type=\"widget\" data-widget_type=\"text-editor.default\">\n\t\t\t\t<div class=\"elementor-widget-container\">\n\t\t\t\t\t\t\t\t\t<div class=\"ce_text table first block\"><p><strong>Investieren Sie in die Zukunft Ihres Kindes<\/strong><\/p><p>Das Schul- u. Internatsgeld ist ein Jahresschulgeld f\u00fcr Unterbringung, Verpflegung, Schule und Werkst\u00e4tte. Es kann in 10 Monatsraten (September bis Juni), viertelj\u00e4hrlich oder j\u00e4hrlich, jeweils im Vorhinein, bezahlt werden.\u00a0<\/p><\/div><div class=\"ce_text last block\"><p>Wie an \u00f6ffentlichen Schulen k\u00f6nnen auch unsere Sch\u00fcler Sch\u00fclerbeihilfe und zudem auch Heimfahrtbeihilfe beantragen.<\/p><p>Infos unter <span style=\"text-decoration: underline; color: #000080;\"><a style=\"color: #000080; text-decoration: underline;\" href=\"http:\/\/www.schuelerbeihilfen.at\">www.schuelerbeihilfen.at<\/a><\/span><\/p><p><strong>Steuertipp<\/strong>: Bei Sch\u00fclern und Sch\u00fclerinnen der Oberstufe stellt der Besuch eines mehr als 25 km vom Wohnort entfernten Internates, wenn es keine n\u00e4her gelegene Ausbildungsst\u00e4tte gibt, eine ausw\u00e4rtige Berufsausbildung dar! Die Aufwendungen f\u00fcr diese Berufsausbildung werden mit einem Pauschalbetrag als au\u00dfergew\u00f6hnliche Belastung ber\u00fccksichtigt!<\/p><\/div>\t\t\t\t\t\t\t\t<\/div>\n\t\t\t\t<\/div>\n\t\t<div class=\"elementor-element elementor-element-28614ed e-con-full e-flex e-con e-child\" data-id=\"28614ed\" data-element_type=\"container\" data-e-type=\"container\" data-settings=\"{&quot;jet_parallax_layout_list&quot;:[]}\">\n\t\t\t\t<div class=\"elementor-element elementor-element-52d748f elementor-widget elementor-widget-button\" data-id=\"52d748f\" data-element_type=\"widget\" data-e-type=\"widget\" data-widget_type=\"button.default\">\n\t\t\t\t<div class=\"elementor-widget-container\">\n\t\t\t\t\t\t\t\t\t<div class=\"elementor-button-wrapper\">\n\t\t\t\t\t<a class=\"elementor-button elementor-button-link elementor-size-sm\" href=\"\/wp-content\/uploads\/2025\/07\/Schul-und-Internatsgeld.pdf\" target=\"_blank\">\n\t\t\t\t\t\t<span class=\"elementor-button-content-wrapper\">\n\t\t\t\t\t\t\t\t\t<span class=\"elementor-button-text\">Gesamtkosten Schule und Internat Download<\/span>\n\t\t\t\t\t<\/span>\n\t\t\t\t\t<\/a>\n\t\t\t\t<\/div>\n\t\t\t\t\t\t\t\t<\/div>\n\t\t\t\t<\/div>\n\t\t\t\t<\/div>\n\t\t\t\t<\/div>\n\t\t<div class=\"elementor-element elementor-element-d4d4e7d e-con-full e-flex e-con e-child\" data-id=\"d4d4e7d\" data-element_type=\"container\" data-e-type=\"container\" data-settings=\"{&quot;jet_parallax_layout_list&quot;:[]}\">\n\t\t\t\t<div class=\"jet-parallax-widget elementor-element elementor-element-30d5060 elementor-widget elementor-widget-image\" data-jet-tricks-settings=\"{&quot;parallax&quot;:&quot;true&quot;,&quot;invert&quot;:&quot;false&quot;,&quot;speed&quot;:{&quot;unit&quot;:&quot;%&quot;,&quot;size&quot;:30,&quot;sizes&quot;:[]},&quot;stickyOn&quot;:[&quot;desktop&quot;,&quot;tablet&quot;]}\" data-id=\"30d5060\" data-element_type=\"widget\" data-e-type=\"widget\" data-widget_type=\"image.default\">\n\t\t\t\t<div class=\"elementor-widget-container\">\n\t\t\t\t\t\t\t\t\t\t\t\t\t\t\t<img decoding=\"async\" width=\"768\" height=\"512\" src=\"https:\/\/www.werkschulheim.at\/wp-content\/uploads\/2025\/06\/schueler3_1200-768x512.jpg\" class=\"attachment-medium_large size-medium_large wp-image-950\" alt=\"Schueler des Werkschulheim Felbertal vor dem Internat\" srcset=\"https:\/\/www.werkschulheim.at\/wp-content\/uploads\/2025\/06\/schueler3_1200-768x512.jpg 768w, https:\/\/www.werkschulheim.at\/wp-content\/uploads\/2025\/06\/schueler3_1200-300x200.jpg 300w, https:\/\/www.werkschulheim.at\/wp-content\/uploads\/2025\/06\/schueler3_1200-1024x683.jpg 1024w, https:\/\/www.werkschulheim.at\/wp-content\/uploads\/2025\/06\/schueler3_1200.jpg 1200w\" sizes=\"(max-width: 768px) 100vw, 768px\" \/>\t\t\t\t\t\t\t\t\t\t\t\t\t\t\t<\/div>\n\t\t\t\t<\/div>\n\t\t\t\t<div class=\"jet-parallax-widget elementor-element elementor-element-abba669 elementor-widget elementor-widget-image\" data-jet-tricks-settings=\"{&quot;parallax&quot;:&quot;true&quot;,&quot;invert&quot;:&quot;false&quot;,&quot;speed&quot;:{&quot;unit&quot;:&quot;%&quot;,&quot;size&quot;:82,&quot;sizes&quot;:[]},&quot;stickyOn&quot;:[&quot;desktop&quot;,&quot;tablet&quot;]}\" data-id=\"abba669\" data-element_type=\"widget\" data-e-type=\"widget\" data-widget_type=\"image.default\">\n\t\t\t\t<div class=\"elementor-widget-container\">\n\t\t\t\t\t\t\t\t\t\t\t\t\t\t\t<img decoding=\"async\" width=\"768\" height=\"768\" src=\"https:\/\/www.werkschulheim.at\/wp-content\/uploads\/2025\/06\/icon_gym_line_Zeichenflaeche-1-768x768.png\" class=\"attachment-medium_large size-medium_large wp-image-999\" alt=\"Gymnasium icon blau WSH Felbertal png linie\" srcset=\"https:\/\/www.werkschulheim.at\/wp-content\/uploads\/2025\/06\/icon_gym_line_Zeichenflaeche-1-768x768.png 768w, https:\/\/www.werkschulheim.at\/wp-content\/uploads\/2025\/06\/icon_gym_line_Zeichenflaeche-1-300x300.png 300w, https:\/\/www.werkschulheim.at\/wp-content\/uploads\/2025\/06\/icon_gym_line_Zeichenflaeche-1-1024x1024.png 1024w, https:\/\/www.werkschulheim.at\/wp-content\/uploads\/2025\/06\/icon_gym_line_Zeichenflaeche-1-150x150.png 150w, https:\/\/www.werkschulheim.at\/wp-content\/uploads\/2025\/06\/icon_gym_line_Zeichenflaeche-1-1536x1536.png 1536w, https:\/\/www.werkschulheim.at\/wp-content\/uploads\/2025\/06\/icon_gym_line_Zeichenflaeche-1-2048x2048.png 2048w\" sizes=\"(max-width: 768px) 100vw, 768px\" \/>\t\t\t\t\t\t\t\t\t\t\t\t\t\t\t<\/div>\n\t\t\t\t<\/div>\n\t\t\t\t<div class=\"jet-parallax-widget elementor-element elementor-element-b25ab65 elementor-absolute elementor-hidden-tablet elementor-hidden-mobile elementor-hidden-desktop elementor-widget elementor-widget-image\" data-jet-tricks-settings=\"{&quot;parallax&quot;:&quot;true&quot;,&quot;invert&quot;:&quot;true&quot;,&quot;speed&quot;:{&quot;unit&quot;:&quot;%&quot;,&quot;size&quot;:59,&quot;sizes&quot;:[]},&quot;stickyOn&quot;:[&quot;desktop&quot;]}\" data-id=\"b25ab65\" data-element_type=\"widget\" data-e-type=\"widget\" data-settings=\"{&quot;_position&quot;:&quot;absolute&quot;}\" data-widget_type=\"image.default\">\n\t\t\t\t<div class=\"elementor-widget-container\">\n\t\t\t\t\t\t\t\t\t\t\t\t\t\t\t<img loading=\"lazy\" decoding=\"async\" width=\"768\" height=\"768\" src=\"https:\/\/www.werkschulheim.at\/wp-content\/uploads\/2025\/06\/allgemein_schueler_1500-768x768.jpg\" class=\"attachment-medium_large size-medium_large wp-image-940\" alt=\"Schueler der WSH Felbertal in der Bibliothek\" srcset=\"https:\/\/www.werkschulheim.at\/wp-content\/uploads\/2025\/06\/allgemein_schueler_1500-768x768.jpg 768w, https:\/\/www.werkschulheim.at\/wp-content\/uploads\/2025\/06\/allgemein_schueler_1500-300x300.jpg 300w, https:\/\/www.werkschulheim.at\/wp-content\/uploads\/2025\/06\/allgemein_schueler_1500-1024x1024.jpg 1024w, https:\/\/www.werkschulheim.at\/wp-content\/uploads\/2025\/06\/allgemein_schueler_1500-150x150.jpg 150w, https:\/\/www.werkschulheim.at\/wp-content\/uploads\/2025\/06\/allgemein_schueler_1500.jpg 1358w\" sizes=\"(max-width: 768px) 100vw, 768px\" \/>\t\t\t\t\t\t\t\t\t\t\t\t\t\t\t<\/div>\n\t\t\t\t<\/div>\n\t\t\t\t<\/div>\n\t\t\t\t\t<\/div>\n\t\t\t\t<\/div>\n\t\t\t\t<\/div>\n\t\t","protected":false},"excerpt":{"rendered":"<p>Anmeldung zu den Kosten Anmeldeformular download Anmeldeformular online Auszeichnungen der Schule Nachhaltigkeit Anmeldung und Aufnahme ins Werkschulheim Die Anmeldung ist grunds\u00e4tzlich jederzeit m\u00f6glich und erfolgt \u00fcber den Aufnahmeantrag. Anmeldeschluss f\u00fcr das Schuljahr 2026\/27 ist der 20. J\u00e4nner 2026 Der Aufnahmeantrag kann ganz einfach gestellt werden.Es stehen Ihnen dazu zwei Optionen zur Verf\u00fcgung: \u00dcber\u00a0das elektronische Anmeldeformular [&hellip;]<\/p>\n","protected":false},"author":1,"featured_media":0,"parent":0,"menu_order":0,"comment_status":"closed","ping_status":"closed","template":"","meta":{"footnotes":""},"class_list":["post-899","page","type-page","status-publish","hentry"],"yoast_head":"<!-- This site is optimized with the Yoast SEO plugin v27.5 - https:\/\/yoast.com\/product\/yoast-seo-wordpress\/ -->\n<title>Anmeldung - Werkschulheim Felbertal<\/title>\n<meta name=\"description\" content=\"Anmeldung und Aufnahme im Werkschulheim Felbertal. Die Anmeldung ist grunds\u00e4tzlich jederzeit m\u00f6glich und erfolgt \u00fcber den Aufnahmeantrag.\" \/>\n<meta name=\"robots\" content=\"index, follow, max-snippet:-1, max-image-preview:large, max-video-preview:-1\" \/>\n<link rel=\"canonical\" href=\"https:\/\/www.werkschulheim.at\/en\/registration\/\" \/>\n<meta property=\"og:locale\" content=\"en_GB\" \/>\n<meta property=\"og:type\" content=\"article\" \/>\n<meta property=\"og:title\" content=\"Anmeldung - Werkschulheim Felbertal\" \/>\n<meta property=\"og:description\" content=\"Anmeldung und Aufnahme im Werkschulheim Felbertal. Die Anmeldung ist grunds\u00e4tzlich jederzeit m\u00f6glich und erfolgt \u00fcber den Aufnahmeantrag.\" \/>\n<meta property=\"og:url\" content=\"https:\/\/www.werkschulheim.at\/en\/registration\/\" \/>\n<meta property=\"og:site_name\" content=\"Werkschulheim Felbertal\" \/>\n<meta property=\"article:publisher\" content=\"https:\/\/facebook.com\/werkschulheim\" \/>\n<meta property=\"article:modified_time\" content=\"2025-12-11T09:40:29+00:00\" \/>\n<meta property=\"og:image\" content=\"https:\/\/www.werkschulheim.at\/wp-content\/uploads\/2025\/04\/favicon_neu.png\" \/>\n\t<meta property=\"og:image:width\" content=\"2134\" \/>\n\t<meta property=\"og:image:height\" content=\"2134\" \/>\n\t<meta property=\"og:image:type\" content=\"image\/png\" \/>\n<meta name=\"twitter:card\" content=\"summary_large_image\" \/>\n<meta name=\"twitter:label1\" content=\"Estimated reading time\" \/>\n\t<meta name=\"twitter:data1\" content=\"3 minutes\" \/>\n<script type=\"application\/ld+json\" class=\"yoast-schema-graph\">{\"@context\":\"https:\\\/\\\/schema.org\",\"@graph\":[{\"@type\":\"WebPage\",\"@id\":\"https:\\\/\\\/www.werkschulheim.at\\\/anmeldung\\\/\",\"url\":\"https:\\\/\\\/www.werkschulheim.at\\\/anmeldung\\\/\",\"name\":\"Anmeldung - Werkschulheim Felbertal\",\"isPartOf\":{\"@id\":\"https:\\\/\\\/www.werkschulheim.at\\\/#website\"},\"primaryImageOfPage\":{\"@id\":\"https:\\\/\\\/www.werkschulheim.at\\\/anmeldung\\\/#primaryimage\"},\"image\":{\"@id\":\"https:\\\/\\\/www.werkschulheim.at\\\/anmeldung\\\/#primaryimage\"},\"thumbnailUrl\":\"https:\\\/\\\/www.werkschulheim.at\\\/wp-content\\\/uploads\\\/2025\\\/04\\\/favicon_neu-1024x1024.png\",\"datePublished\":\"2025-06-02T14:08:52+00:00\",\"dateModified\":\"2025-12-11T09:40:29+00:00\",\"description\":\"Anmeldung und Aufnahme im Werkschulheim Felbertal. Die Anmeldung ist grunds\u00e4tzlich jederzeit m\u00f6glich und erfolgt \u00fcber den Aufnahmeantrag.\",\"breadcrumb\":{\"@id\":\"https:\\\/\\\/www.werkschulheim.at\\\/anmeldung\\\/#breadcrumb\"},\"inLanguage\":\"en-GB\",\"potentialAction\":[{\"@type\":\"ReadAction\",\"target\":[\"https:\\\/\\\/www.werkschulheim.at\\\/anmeldung\\\/\"]}]},{\"@type\":\"ImageObject\",\"inLanguage\":\"en-GB\",\"@id\":\"https:\\\/\\\/www.werkschulheim.at\\\/anmeldung\\\/#primaryimage\",\"url\":\"https:\\\/\\\/www.werkschulheim.at\\\/wp-content\\\/uploads\\\/2025\\\/04\\\/favicon_neu-1024x1024.png\",\"contentUrl\":\"https:\\\/\\\/www.werkschulheim.at\\\/wp-content\\\/uploads\\\/2025\\\/04\\\/favicon_neu-1024x1024.png\"},{\"@type\":\"BreadcrumbList\",\"@id\":\"https:\\\/\\\/www.werkschulheim.at\\\/anmeldung\\\/#breadcrumb\",\"itemListElement\":[{\"@type\":\"ListItem\",\"position\":1,\"name\":\"Startseite\",\"item\":\"https:\\\/\\\/www.werkschulheim.at\\\/\"},{\"@type\":\"ListItem\",\"position\":2,\"name\":\"Anmeldung\"}]},{\"@type\":\"WebSite\",\"@id\":\"https:\\\/\\\/www.werkschulheim.at\\\/#website\",\"url\":\"https:\\\/\\\/www.werkschulheim.at\\\/\",\"name\":\"Werksschulheim Felbertal\",\"description\":\"Zukunfts-Campus\",\"publisher\":{\"@id\":\"https:\\\/\\\/www.werkschulheim.at\\\/#organization\"},\"alternateName\":\"Privatgymnasium Salzburg\",\"potentialAction\":[{\"@type\":\"SearchAction\",\"target\":{\"@type\":\"EntryPoint\",\"urlTemplate\":\"https:\\\/\\\/www.werkschulheim.at\\\/?s={search_term_string}\"},\"query-input\":{\"@type\":\"PropertyValueSpecification\",\"valueRequired\":true,\"valueName\":\"search_term_string\"}}],\"inLanguage\":\"en-GB\"},{\"@type\":\"Organization\",\"@id\":\"https:\\\/\\\/www.werkschulheim.at\\\/#organization\",\"name\":\"Werksschulheim Felbertal\",\"alternateName\":\"Privatgymnasium Salzburg\",\"url\":\"https:\\\/\\\/www.werkschulheim.at\\\/\",\"logo\":{\"@type\":\"ImageObject\",\"inLanguage\":\"en-GB\",\"@id\":\"https:\\\/\\\/www.werkschulheim.at\\\/#\\\/schema\\\/logo\\\/image\\\/\",\"url\":\"https:\\\/\\\/www.werkschulheim.at\\\/wp-content\\\/uploads\\\/2025\\\/04\\\/Logo-WSH-hochformatig-linksbuendig-cmyk.svg\",\"contentUrl\":\"https:\\\/\\\/www.werkschulheim.at\\\/wp-content\\\/uploads\\\/2025\\\/04\\\/Logo-WSH-hochformatig-linksbuendig-cmyk.svg\",\"width\":1527,\"height\":711,\"caption\":\"Werksschulheim Felbertal\"},\"image\":{\"@id\":\"https:\\\/\\\/www.werkschulheim.at\\\/#\\\/schema\\\/logo\\\/image\\\/\"},\"sameAs\":[\"https:\\\/\\\/facebook.com\\\/werkschulheim\",\"https:\\\/\\\/www.instagram.com\\\/werkschulheim.felbertal\\\/\",\"https:\\\/\\\/www.youtube.com\\\/user\\\/wshfelbertal\"]}]}<\/script>\n<!-- \/ Yoast SEO plugin. -->","yoast_head_json":{"title":"Registration - Werkschulheim Felbertal","description":"Enrolment and admission to the Felbertal Work School Home. Enrolment is possible at any time and takes place via the application form.","robots":{"index":"index","follow":"follow","max-snippet":"max-snippet:-1","max-image-preview":"max-image-preview:large","max-video-preview":"max-video-preview:-1"},"canonical":"https:\/\/www.werkschulheim.at\/en\/registration\/","og_locale":"en_GB","og_type":"article","og_title":"Anmeldung - Werkschulheim Felbertal","og_description":"Anmeldung und Aufnahme im Werkschulheim Felbertal. Die Anmeldung ist grunds\u00e4tzlich jederzeit m\u00f6glich und erfolgt \u00fcber den Aufnahmeantrag.","og_url":"https:\/\/www.werkschulheim.at\/en\/registration\/","og_site_name":"Werkschulheim Felbertal","article_publisher":"https:\/\/facebook.com\/werkschulheim","article_modified_time":"2025-12-11T09:40:29+00:00","og_image":[{"width":2134,"height":2134,"url":"https:\/\/www.werkschulheim.at\/wp-content\/uploads\/2025\/04\/favicon_neu.png","type":"image\/png"}],"twitter_card":"summary_large_image","twitter_misc":{"Estimated reading time":"3 minutes"},"schema":{"@context":"https:\/\/schema.org","@graph":[{"@type":"WebPage","@id":"https:\/\/www.werkschulheim.at\/anmeldung\/","url":"https:\/\/www.werkschulheim.at\/anmeldung\/","name":"Registration - Werkschulheim Felbertal","isPartOf":{"@id":"https:\/\/www.werkschulheim.at\/#website"},"primaryImageOfPage":{"@id":"https:\/\/www.werkschulheim.at\/anmeldung\/#primaryimage"},"image":{"@id":"https:\/\/www.werkschulheim.at\/anmeldung\/#primaryimage"},"thumbnailUrl":"https:\/\/www.werkschulheim.at\/wp-content\/uploads\/2025\/04\/favicon_neu-1024x1024.png","datePublished":"2025-06-02T14:08:52+00:00","dateModified":"2025-12-11T09:40:29+00:00","description":"Enrolment and admission to the Felbertal Work School Home. Enrolment is possible at any time and takes place via the application form.","breadcrumb":{"@id":"https:\/\/www.werkschulheim.at\/anmeldung\/#breadcrumb"},"inLanguage":"en-GB","potentialAction":[{"@type":"ReadAction","target":["https:\/\/www.werkschulheim.at\/anmeldung\/"]}]},{"@type":"ImageObject","inLanguage":"en-GB","@id":"https:\/\/www.werkschulheim.at\/anmeldung\/#primaryimage","url":"https:\/\/www.werkschulheim.at\/wp-content\/uploads\/2025\/04\/favicon_neu-1024x1024.png","contentUrl":"https:\/\/www.werkschulheim.at\/wp-content\/uploads\/2025\/04\/favicon_neu-1024x1024.png"},{"@type":"BreadcrumbList","@id":"https:\/\/www.werkschulheim.at\/anmeldung\/#breadcrumb","itemListElement":[{"@type":"ListItem","position":1,"name":"Startseite","item":"https:\/\/www.werkschulheim.at\/"},{"@type":"ListItem","position":2,"name":"Anmeldung"}]},{"@type":"WebSite","@id":"https:\/\/www.werkschulheim.at\/#website","url":"https:\/\/www.werkschulheim.at\/","name":"Felbertal factory school","description":"Future Campus","publisher":{"@id":"https:\/\/www.werkschulheim.at\/#organization"},"alternateName":"Privatgymnasium Salzburg","potentialAction":[{"@type":"SearchAction","target":{"@type":"EntryPoint","urlTemplate":"https:\/\/www.werkschulheim.at\/?s={search_term_string}"},"query-input":{"@type":"PropertyValueSpecification","valueRequired":true,"valueName":"search_term_string"}}],"inLanguage":"en-GB"},{"@type":"Organization","@id":"https:\/\/www.werkschulheim.at\/#organization","name":"Felbertal factory school","alternateName":"Privatgymnasium Salzburg","url":"https:\/\/www.werkschulheim.at\/","logo":{"@type":"ImageObject","inLanguage":"en-GB","@id":"https:\/\/www.werkschulheim.at\/#\/schema\/logo\/image\/","url":"https:\/\/www.werkschulheim.at\/wp-content\/uploads\/2025\/04\/Logo-WSH-hochformatig-linksbuendig-cmyk.svg","contentUrl":"https:\/\/www.werkschulheim.at\/wp-content\/uploads\/2025\/04\/Logo-WSH-hochformatig-linksbuendig-cmyk.svg","width":1527,"height":711,"caption":"Werksschulheim Felbertal"},"image":{"@id":"https:\/\/www.werkschulheim.at\/#\/schema\/logo\/image\/"},"sameAs":["https:\/\/facebook.com\/werkschulheim","https:\/\/www.instagram.com\/werkschulheim.felbertal\/","https:\/\/www.youtube.com\/user\/wshfelbertal"]}]}},"_links":{"self":[{"href":"https:\/\/www.werkschulheim.at\/en\/wp-json\/wp\/v2\/pages\/899","targetHints":{"allow":["GET"]}}],"collection":[{"href":"https:\/\/www.werkschulheim.at\/en\/wp-json\/wp\/v2\/pages"}],"about":[{"href":"https:\/\/www.werkschulheim.at\/en\/wp-json\/wp\/v2\/types\/page"}],"author":[{"embeddable":true,"href":"https:\/\/www.werkschulheim.at\/en\/wp-json\/wp\/v2\/users\/1"}],"replies":[{"embeddable":true,"href":"https:\/\/www.werkschulheim.at\/en\/wp-json\/wp\/v2\/comments?post=899"}],"version-history":[{"count":86,"href":"https:\/\/www.werkschulheim.at\/en\/wp-json\/wp\/v2\/pages\/899\/revisions"}],"predecessor-version":[{"id":3132,"href":"https:\/\/www.werkschulheim.at\/en\/wp-json\/wp\/v2\/pages\/899\/revisions\/3132"}],"wp:attachment":[{"href":"https:\/\/www.werkschulheim.at\/en\/wp-json\/wp\/v2\/media?parent=899"}],"curies":[{"name":"wp","href":"https:\/\/api.w.org\/{rel}","templated":true}]}}