{"id":387,"date":"2025-04-28T12:48:48","date_gmt":"2025-04-28T12:48:48","guid":{"rendered":"https:\/\/f6k.bd9.myftpupload.com\/?page_id=387"},"modified":"2026-04-07T04:56:17","modified_gmt":"2026-04-07T04:56:17","slug":"about-us","status":"publish","type":"page","link":"https:\/\/www.werkschulheim.at\/en\/about-us\/","title":{"rendered":"About us"},"content":{"rendered":"<div data-elementor-type=\"wp-page\" data-elementor-id=\"387\" class=\"elementor elementor-387\" data-elementor-post-type=\"page\">\n\t\t\t\t<div class=\"elementor-element elementor-element-8cb07a3 e-con-full e-flex e-con e-parent\" data-id=\"8cb07a3\" data-element_type=\"container\" data-e-type=\"container\" data-settings=\"{&quot;background_background&quot;:&quot;classic&quot;,&quot;jet_parallax_layout_list&quot;:[]}\">\n\t\t\t\t<div class=\"elementor-element elementor-element-966ea06 elementor-widget elementor-widget-heading\" data-id=\"966ea06\" data-element_type=\"widget\" data-e-type=\"widget\" data-widget_type=\"heading.default\">\n\t\t\t\t<div class=\"elementor-widget-container\">\n\t\t\t\t\t<h1 class=\"elementor-heading-title elementor-size-default\">About us<\/h1>\t\t\t\t<\/div>\n\t\t\t\t<\/div>\n\t\t<div class=\"elementor-element elementor-element-7cc458f e-con-full e-flex e-con e-child\" data-id=\"7cc458f\" data-element_type=\"container\" data-e-type=\"container\" data-settings=\"{&quot;jet_parallax_layout_list&quot;:[]}\">\n\t\t\t\t<div class=\"elementor-element elementor-element-9e5a1d2 elementor-align-left elementor-widget elementor-widget-button\" data-id=\"9e5a1d2\" data-element_type=\"widget\" data-e-type=\"widget\" data-widget_type=\"button.default\">\n\t\t\t\t<div class=\"elementor-widget-container\">\n\t\t\t\t\t\t\t\t\t<div class=\"elementor-button-wrapper\">\n\t\t\t\t\t<a class=\"elementor-button elementor-button-link elementor-size-sm\" href=\"#schulerhalter\">\n\t\t\t\t\t\t<span class=\"elementor-button-content-wrapper\">\n\t\t\t\t\t\t\t\t\t<span class=\"elementor-button-text\">to the school provider<\/span>\n\t\t\t\t\t<\/span>\n\t\t\t\t\t<\/a>\n\t\t\t\t<\/div>\n\t\t\t\t\t\t\t\t<\/div>\n\t\t\t\t<\/div>\n\t\t\t\t<div class=\"elementor-element elementor-element-51cbdc5 elementor-align-left elementor-widget elementor-widget-button\" data-id=\"51cbdc5\" data-element_type=\"widget\" data-e-type=\"widget\" data-widget_type=\"button.default\">\n\t\t\t\t<div class=\"elementor-widget-container\">\n\t\t\t\t\t\t\t\t\t<div class=\"elementor-button-wrapper\">\n\t\t\t\t\t<a class=\"elementor-button elementor-button-link elementor-size-sm\" href=\"\/en\/team\/\">\n\t\t\t\t\t\t<span class=\"elementor-button-content-wrapper\">\n\t\t\t\t\t\t\t\t\t<span class=\"elementor-button-text\">to the team<\/span>\n\t\t\t\t\t<\/span>\n\t\t\t\t\t<\/a>\n\t\t\t\t<\/div>\n\t\t\t\t\t\t\t\t<\/div>\n\t\t\t\t<\/div>\n\t\t\t\t<div class=\"elementor-element elementor-element-7615bc7 elementor-align-left elementor-widget elementor-widget-button\" data-id=\"7615bc7\" data-element_type=\"widget\" data-e-type=\"widget\" data-widget_type=\"button.default\">\n\t\t\t\t<div class=\"elementor-widget-container\">\n\t\t\t\t\t\t\t\t\t<div class=\"elementor-button-wrapper\">\n\t\t\t\t\t<a class=\"elementor-button elementor-button-link elementor-size-sm\" href=\"#geschichte\">\n\t\t\t\t\t\t<span class=\"elementor-button-content-wrapper\">\n\t\t\t\t\t\t\t\t\t<span class=\"elementor-button-text\">History of the school<\/span>\n\t\t\t\t\t<\/span>\n\t\t\t\t\t<\/a>\n\t\t\t\t<\/div>\n\t\t\t\t\t\t\t\t<\/div>\n\t\t\t\t<\/div>\n\t\t\t\t<div class=\"elementor-element elementor-element-f251025 elementor-align-left elementor-widget elementor-widget-button\" data-id=\"f251025\" data-element_type=\"widget\" data-e-type=\"widget\" data-widget_type=\"button.default\">\n\t\t\t\t<div class=\"elementor-widget-container\">\n\t\t\t\t\t\t\t\t\t<div class=\"elementor-button-wrapper\">\n\t\t\t\t\t<a class=\"elementor-button elementor-button-link elementor-size-sm\" href=\"#auszeichnungen\">\n\t\t\t\t\t\t<span class=\"elementor-button-content-wrapper\">\n\t\t\t\t\t\t\t\t\t<span class=\"elementor-button-text\">Awards from the school<\/span>\n\t\t\t\t\t<\/span>\n\t\t\t\t\t<\/a>\n\t\t\t\t<\/div>\n\t\t\t\t\t\t\t\t<\/div>\n\t\t\t\t<\/div>\n\t\t\t\t<div class=\"elementor-element elementor-element-6c4f30a elementor-align-left elementor-widget elementor-widget-button\" data-id=\"6c4f30a\" data-element_type=\"widget\" data-e-type=\"widget\" data-widget_type=\"button.default\">\n\t\t\t\t<div class=\"elementor-widget-container\">\n\t\t\t\t\t\t\t\t\t<div class=\"elementor-button-wrapper\">\n\t\t\t\t\t<a class=\"elementor-button elementor-button-link elementor-size-sm\" href=\"\/en\/sustainability\/\">\n\t\t\t\t\t\t<span class=\"elementor-button-content-wrapper\">\n\t\t\t\t\t\t\t\t\t<span class=\"elementor-button-text\">Sustainability<\/span>\n\t\t\t\t\t<\/span>\n\t\t\t\t\t<\/a>\n\t\t\t\t<\/div>\n\t\t\t\t\t\t\t\t<\/div>\n\t\t\t\t<\/div>\n\t\t\t\t<div class=\"elementor-element elementor-element-210df42 elementor-align-left elementor-widget elementor-widget-button\" data-id=\"210df42\" data-element_type=\"widget\" data-e-type=\"widget\" data-widget_type=\"button.default\">\n\t\t\t\t<div class=\"elementor-widget-container\">\n\t\t\t\t\t\t\t\t\t<div class=\"elementor-button-wrapper\">\n\t\t\t\t\t<a class=\"elementor-button elementor-button-link elementor-size-sm\" href=\"\/en\/committees\/\">\n\t\t\t\t\t\t<span class=\"elementor-button-content-wrapper\">\n\t\t\t\t\t\t\t\t\t<span class=\"elementor-button-text\">Committees<\/span>\n\t\t\t\t\t<\/span>\n\t\t\t\t\t<\/a>\n\t\t\t\t<\/div>\n\t\t\t\t\t\t\t\t<\/div>\n\t\t\t\t<\/div>\n\t\t\t\t<\/div>\n\t\t\t\t<\/div>\n\t\t<div class=\"elementor-element elementor-element-8f817c6 e-flex e-con-boxed e-con e-parent\" data-id=\"8f817c6\" data-element_type=\"container\" data-e-type=\"container\" data-settings=\"{&quot;jet_parallax_layout_list&quot;:[],&quot;background_background&quot;:&quot;classic&quot;,&quot;shape_divider_top&quot;:&quot;opacity-tilt&quot;}\">\n\t\t\t\t\t<div class=\"e-con-inner\">\n\t\t\t\t<div class=\"elementor-shape elementor-shape-top\" aria-hidden=\"true\" data-negative=\"false\">\n\t\t\t<svg xmlns=\"http:\/\/www.w3.org\/2000\/svg\" viewbox=\"0 0 2600 131.1\" preserveaspectratio=\"none\">\n\t<path class=\"elementor-shape-fill\" d=\"M0 0L2600 0 2600 69.1 0 0z\"\/>\n\t<path class=\"elementor-shape-fill\" style=\"opacity:0.5\" d=\"M0 0L2600 0 2600 69.1 0 69.1z\"\/>\n\t<path class=\"elementor-shape-fill\" style=\"opacity:0.25\" d=\"M2600 0L0 0 0 130.1 2600 69.1z\"\/>\n<\/svg>\t\t<\/div>\n\t\t<div class=\"elementor-element elementor-element-0e2b63a e-con-full e-flex e-con e-child\" data-id=\"0e2b63a\" data-element_type=\"container\" data-e-type=\"container\" data-settings=\"{&quot;jet_parallax_layout_list&quot;:[],&quot;background_background&quot;:&quot;classic&quot;}\">\n\t\t\t\t<div class=\"elementor-element elementor-element-81efd3a elementor-widget elementor-widget-heading\" data-id=\"81efd3a\" data-element_type=\"widget\" data-e-type=\"widget\" data-widget_type=\"heading.default\">\n\t\t\t\t<div class=\"elementor-widget-container\">\n\t\t\t\t\t<h1 class=\"elementor-heading-title elementor-size-default\">Felbertal school hostel<\/h1>\t\t\t\t<\/div>\n\t\t\t\t<\/div>\n\t\t\t\t<div class=\"elementor-element elementor-element-c344770 elementor-widget elementor-widget-text-editor\" data-id=\"c344770\" data-element_type=\"widget\" data-e-type=\"widget\" data-widget_type=\"text-editor.default\">\n\t\t\t\t<div class=\"elementor-widget-container\">\n\t\t\t\t\t\t\t\t\t<h2>Private grammar school in Salzburg<\/h2><h5>Grammar school with craft training<\/h5><div id=\"container\"><div class=\"inside\"><div id=\"article-198\" class=\"mod_article first last block\"><div class=\"ce_text last block\"><p>The Werkschulheim Felbertal is a private grammar school with public rights, combined with a boarding school for girls and boys. The educational concept, which has been tried and tested for more than 70 years, combines a high level of general education, manual labour and social learning. This interplay of theoretical, practical and human education is education with vision and opens up the best opportunities for the future.<br \/>The pupils conclude the programme with the\u00a0<strong>AHS-Matura<\/strong>, which entitles students to study at any university or university of applied sciences. Furthermore, our graduates complete the\u00a0<strong>Final apprenticeship examination in the respective craft<\/strong>.<\/p><\/div><\/div><\/div><\/div>\t\t\t\t\t\t\t\t<\/div>\n\t\t\t\t<\/div>\n\t\t<div class=\"elementor-element elementor-element-07100b1 e-con-full e-flex e-con e-child\" data-id=\"07100b1\" data-element_type=\"container\" data-e-type=\"container\" data-settings=\"{&quot;jet_parallax_layout_list&quot;:[]}\">\n\t\t\t\t<div class=\"elementor-element elementor-element-6352805 elementor-widget elementor-widget-button\" data-id=\"6352805\" data-element_type=\"widget\" data-e-type=\"widget\" data-widget_type=\"button.default\">\n\t\t\t\t<div class=\"elementor-widget-container\">\n\t\t\t\t\t\t\t\t\t<div class=\"elementor-button-wrapper\">\n\t\t\t\t\t<a class=\"elementor-button elementor-button-link elementor-size-sm\" href=\"\/en\/registration\/#kosten\">\n\t\t\t\t\t\t<span class=\"elementor-button-content-wrapper\">\n\t\t\t\t\t\t\t\t\t<span class=\"elementor-button-text\">to the school fees<\/span>\n\t\t\t\t\t<\/span>\n\t\t\t\t\t<\/a>\n\t\t\t\t<\/div>\n\t\t\t\t\t\t\t\t<\/div>\n\t\t\t\t<\/div>\n\t\t\t\t<div class=\"elementor-element elementor-element-5a11a27 elementor-widget elementor-widget-button\" data-id=\"5a11a27\" data-element_type=\"widget\" data-e-type=\"widget\" data-widget_type=\"button.default\">\n\t\t\t\t<div class=\"elementor-widget-container\">\n\t\t\t\t\t\t\t\t\t<div class=\"elementor-button-wrapper\">\n\t\t\t\t\t<a class=\"elementor-button elementor-button-link elementor-size-sm\" href=\"\/en\/online-registration-form\/\" target=\"_blank\">\n\t\t\t\t\t\t<span class=\"elementor-button-content-wrapper\">\n\t\t\t\t\t\t\t\t\t<span class=\"elementor-button-text\">to the registration form<\/span>\n\t\t\t\t\t<\/span>\n\t\t\t\t\t<\/a>\n\t\t\t\t<\/div>\n\t\t\t\t\t\t\t\t<\/div>\n\t\t\t\t<\/div>\n\t\t\t\t<\/div>\n\t\t\t\t<\/div>\n\t\t<div class=\"elementor-element elementor-element-dcc951c e-con-full elementor-hidden-mobile e-flex e-con e-child\" data-id=\"dcc951c\" data-element_type=\"container\" data-e-type=\"container\" data-settings=\"{&quot;jet_parallax_layout_list&quot;:[],&quot;background_background&quot;:&quot;classic&quot;}\">\n\t\t\t\t<div class=\"elementor-element elementor-element-5a4dd5b elementor-widget elementor-widget-image\" data-id=\"5a4dd5b\" data-element_type=\"widget\" data-e-type=\"widget\" data-widget_type=\"image.default\">\n\t\t\t\t<div class=\"elementor-widget-container\">\n\t\t\t\t\t\t\t\t\t\t\t\t\t\t\t<img fetchpriority=\"high\" decoding=\"async\" width=\"800\" height=\"800\" src=\"https:\/\/www.werkschulheim.at\/wp-content\/uploads\/2025\/06\/icon_gym_line_Zeichenflaeche-1-1024x1024.png\" class=\"attachment-large size-large wp-image-999\" alt=\"Gymnasium icon blue WSH Felbertal png line\" srcset=\"https:\/\/www.werkschulheim.at\/wp-content\/uploads\/2025\/06\/icon_gym_line_Zeichenflaeche-1-1024x1024.png 1024w, https:\/\/www.werkschulheim.at\/wp-content\/uploads\/2025\/06\/icon_gym_line_Zeichenflaeche-1-300x300.png 300w, https:\/\/www.werkschulheim.at\/wp-content\/uploads\/2025\/06\/icon_gym_line_Zeichenflaeche-1-150x150.png 150w, https:\/\/www.werkschulheim.at\/wp-content\/uploads\/2025\/06\/icon_gym_line_Zeichenflaeche-1-768x768.png 768w, https:\/\/www.werkschulheim.at\/wp-content\/uploads\/2025\/06\/icon_gym_line_Zeichenflaeche-1-1536x1536.png 1536w, https:\/\/www.werkschulheim.at\/wp-content\/uploads\/2025\/06\/icon_gym_line_Zeichenflaeche-1-2048x2048.png 2048w\" sizes=\"(max-width: 800px) 100vw, 800px\" \/>\t\t\t\t\t\t\t\t\t\t\t\t\t\t\t<\/div>\n\t\t\t\t<\/div>\n\t\t\t\t<\/div>\n\t\t\t\t\t<\/div>\n\t\t\t\t<\/div>\n\t\t<div class=\"elementor-element elementor-element-be6188e e-flex e-con-boxed e-con e-parent\" data-id=\"be6188e\" data-element_type=\"container\" data-e-type=\"container\" data-settings=\"{&quot;jet_parallax_layout_list&quot;:[],&quot;background_background&quot;:&quot;classic&quot;}\">\n\t\t\t\t\t<div class=\"e-con-inner\">\n\t\t\t\t<div class=\"elementor-element elementor-element-605ea30 elementor-widget elementor-widget-menu-anchor\" data-id=\"605ea30\" data-element_type=\"widget\" data-e-type=\"widget\" data-widget_type=\"menu-anchor.default\">\n\t\t\t\t<div class=\"elementor-widget-container\">\n\t\t\t\t\t\t\t<div class=\"elementor-menu-anchor\" id=\"werte\"><\/div>\n\t\t\t\t\t\t<\/div>\n\t\t\t\t<\/div>\n\t\t\t\t<div class=\"elementor-element elementor-element-4e388d2 elementor-view-default elementor-invisible elementor-widget elementor-widget-icon\" data-id=\"4e388d2\" data-element_type=\"widget\" data-e-type=\"widget\" data-settings=\"{&quot;_animation&quot;:&quot;fadeInLeft&quot;,&quot;_animation_delay&quot;:100}\" data-widget_type=\"icon.default\">\n\t\t\t\t<div class=\"elementor-widget-container\">\n\t\t\t\t\t\t\t<div class=\"elementor-icon-wrapper\">\n\t\t\t<div class=\"elementor-icon\">\n\t\t\t<i aria-hidden=\"true\" class=\"fas fa-hand-holding-heart\"><\/i>\t\t\t<\/div>\n\t\t<\/div>\n\t\t\t\t\t\t<\/div>\n\t\t\t\t<\/div>\n\t\t\t\t<div class=\"elementor-element elementor-element-86b1e35 elementor-widget elementor-widget-heading\" data-id=\"86b1e35\" data-element_type=\"widget\" data-e-type=\"widget\" data-widget_type=\"heading.default\">\n\t\t\t\t<div class=\"elementor-widget-container\">\n\t\t\t\t\t<h2 class=\"elementor-heading-title elementor-size-default\">Mission statement<\/h2>\t\t\t\t<\/div>\n\t\t\t\t<\/div>\n\t\t\t\t\t<\/div>\n\t\t\t\t<\/div>\n\t\t<div class=\"elementor-element elementor-element-106e2b1 e-flex e-con-boxed e-con e-parent\" data-id=\"106e2b1\" data-element_type=\"container\" data-e-type=\"container\" data-settings=\"{&quot;jet_parallax_layout_list&quot;:[],&quot;background_background&quot;:&quot;classic&quot;}\">\n\t\t\t\t\t<div class=\"e-con-inner\">\n\t\t\t\t<div class=\"elementor-element elementor-element-9fa44ce e-n-tabs-mobile elementor-widget elementor-widget-n-tabs\" data-id=\"9fa44ce\" data-element_type=\"widget\" data-e-type=\"widget\" data-settings=\"{&quot;tabs_justify_horizontal&quot;:&quot;start&quot;,&quot;horizontal_scroll&quot;:&quot;disable&quot;}\" data-widget_type=\"nested-tabs.default\">\n\t\t\t\t<div class=\"elementor-widget-container\">\n\t\t\t\t\t\t\t<div class=\"e-n-tabs\" data-widget-number=\"167396558\" aria-label=\"Tabs. Open items with Enter or Space, close with Escape and navigate using the Arrow keys.\">\n\t\t\t<div class=\"e-n-tabs-heading\" role=\"tablist\">\n\t\t\t\t\t<button id=\"e-n-tab-title-1673965581\" data-tab-title-id=\"e-n-tab-title-1673965581\" class=\"e-n-tab-title\" aria-selected=\"true\" data-tab-index=\"1\" role=\"tab\" tabindex=\"0\" aria-controls=\"e-n-tab-content-1673965581\" style=\"--n-tabs-title-order: 1;\">\n\t\t\t\t\t\t<span class=\"e-n-tab-title-text\">\n\t\t\t\tPreamble\t\t\t<\/span>\n\t\t<\/button>\n\t\t\t\t<button id=\"e-n-tab-title-1673965582\" data-tab-title-id=\"e-n-tab-title-1673965582\" class=\"e-n-tab-title\" aria-selected=\"false\" data-tab-index=\"2\" role=\"tab\" tabindex=\"-1\" aria-controls=\"e-n-tab-content-1673965582\" style=\"--n-tabs-title-order: 2;\">\n\t\t\t\t\t\t<span class=\"e-n-tab-title-text\">\n\t\t\t\tGrammar school education\t\t\t<\/span>\n\t\t<\/button>\n\t\t\t\t<button id=\"e-n-tab-title-1673965583\" data-tab-title-id=\"e-n-tab-title-1673965583\" class=\"e-n-tab-title\" aria-selected=\"false\" data-tab-index=\"3\" role=\"tab\" tabindex=\"-1\" aria-controls=\"e-n-tab-content-1673965583\" style=\"--n-tabs-title-order: 3;\">\n\t\t\t\t\t\t<span class=\"e-n-tab-title-text\">\n\t\t\t\tCraft training\t\t\t<\/span>\n\t\t<\/button>\n\t\t\t\t<button id=\"e-n-tab-title-1673965584\" data-tab-title-id=\"e-n-tab-title-1673965584\" class=\"e-n-tab-title\" aria-selected=\"false\" data-tab-index=\"4\" role=\"tab\" tabindex=\"-1\" aria-controls=\"e-n-tab-content-1673965584\" style=\"--n-tabs-title-order: 4;\">\n\t\t\t\t\t\t<span class=\"e-n-tab-title-text\">\n\t\t\t\tHe-life in the home\t\t\t<\/span>\n\t\t<\/button>\n\t\t\t\t<button id=\"e-n-tab-title-1673965585\" data-tab-title-id=\"e-n-tab-title-1673965585\" class=\"e-n-tab-title\" aria-selected=\"false\" data-tab-index=\"5\" role=\"tab\" tabindex=\"-1\" aria-controls=\"e-n-tab-content-1673965585\" style=\"--n-tabs-title-order: 5;\">\n\t\t\t\t\t\t<span class=\"e-n-tab-title-text\">\n\t\t\t\tQualifications\t\t\t<\/span>\n\t\t<\/button>\n\t\t\t\t\t<\/div>\n\t\t\t<div class=\"e-n-tabs-content\">\n\t\t\t\t<div id=\"e-n-tab-content-1673965581\" role=\"tabpanel\" aria-labelledby=\"e-n-tab-title-1673965581\" data-tab-index=\"1\" style=\"--n-tabs-title-order: 1;\" class=\"e-active elementor-element elementor-element-ced7f38 e-con-full e-flex e-con e-child\" data-id=\"ced7f38\" data-element_type=\"container\" data-e-type=\"container\" data-settings=\"{&quot;jet_parallax_layout_list&quot;:[]}\">\n\t\t<div class=\"elementor-element elementor-element-00a9ff9 e-flex e-con-boxed e-con e-child\" data-id=\"00a9ff9\" data-element_type=\"container\" data-e-type=\"container\" data-settings=\"{&quot;jet_parallax_layout_list&quot;:[]}\">\n\t\t\t\t\t<div class=\"e-con-inner\">\n\t\t\t\t<div class=\"elementor-element elementor-element-d7c40a6 elementor-widget elementor-widget-text-editor\" data-id=\"d7c40a6\" data-element_type=\"widget\" data-e-type=\"widget\" data-widget_type=\"text-editor.default\">\n\t\t\t\t<div class=\"elementor-widget-container\">\n\t\t\t\t\t\t\t\t\t<h3>Preamble<\/h3><p>The Werkschulheim Felbertal is a private grammar school with public status.<br \/>The school is run by the Verein zur F\u00f6rderung von Werkschulheimen.<br \/>Our school is committed to Christian values.<br \/>Education, as we teach it, results from the comprehensive and lively unity of the areas of school, crafts and home life.<br \/>This combination of broad general education, technical training and social learning enables a unique interplay of theoretical, practical and human education. As a result, our students gain a deeper understanding of the cultural, economic and social contexts of our world.<br \/>Pupils, pupils, teachers, parents and all other staff at our school see themselves as partners. We treat each other in an atmosphere of mutual respect.<br \/>Young people are at the centre of our joint activities and efforts.<\/p>\t\t\t\t\t\t\t\t<\/div>\n\t\t\t\t<\/div>\n\t\t\t\t\t<\/div>\n\t\t\t\t<\/div>\n\t\t\t\t<\/div>\n\t\t<div id=\"e-n-tab-content-1673965582\" role=\"tabpanel\" aria-labelledby=\"e-n-tab-title-1673965582\" data-tab-index=\"2\" style=\"--n-tabs-title-order: 2;\" class=\"elementor-element elementor-element-9cde419 e-con-full e-flex e-con e-child\" data-id=\"9cde419\" data-element_type=\"container\" data-e-type=\"container\" data-settings=\"{&quot;jet_parallax_layout_list&quot;:[]}\">\n\t\t\t\t<div class=\"elementor-element elementor-element-4bfc1fe elementor-widget elementor-widget-text-editor\" data-id=\"4bfc1fe\" data-element_type=\"widget\" data-e-type=\"widget\" data-widget_type=\"text-editor.default\">\n\t\t\t\t<div class=\"elementor-widget-container\">\n\t\t\t\t\t\t\t\t\t<h3>Grammar school education<\/h3><p>We offer a broad general education and promote the cognitive, sporting and artistic skills of our pupils, while also using modern teaching methods and teaching in a way that is relevant to life.<br \/>Our target group is gifted pupils who are willing to perform. We offer individualised support when learning problems arise.<br \/>We are increasingly teaching interdisciplinary and project-orientated lessons in conjunction with craft lessons. In this way, we promote \u201elearning for life\u201c and the flexibility to help shape the rapid developments of the future.<\/p>\t\t\t\t\t\t\t\t<\/div>\n\t\t\t\t<\/div>\n\t\t\t\t<\/div>\n\t\t<div id=\"e-n-tab-content-1673965583\" role=\"tabpanel\" aria-labelledby=\"e-n-tab-title-1673965583\" data-tab-index=\"3\" style=\"--n-tabs-title-order: 3;\" class=\"elementor-element elementor-element-355684c e-con-full e-flex e-con e-child\" data-id=\"355684c\" data-element_type=\"container\" data-e-type=\"container\" data-settings=\"{&quot;jet_parallax_layout_list&quot;:[]}\">\n\t\t<div class=\"elementor-element elementor-element-6c1a4d4 e-flex e-con-boxed e-con e-child\" data-id=\"6c1a4d4\" data-element_type=\"container\" data-e-type=\"container\" data-settings=\"{&quot;jet_parallax_layout_list&quot;:[]}\">\n\t\t\t\t\t<div class=\"e-con-inner\">\n\t\t\t\t<div class=\"elementor-element elementor-element-e1ecd5e elementor-widget elementor-widget-text-editor\" data-id=\"e1ecd5e\" data-element_type=\"widget\" data-e-type=\"widget\" data-widget_type=\"text-editor.default\">\n\t\t\t\t<div class=\"elementor-widget-container\">\n\t\t\t\t\t\t\t\t\t<p>We develop the creative and practical skills of our students through intensive work lessons in the lower school and in-depth training as a carpentry technician, mechanical engineering technician or mechatronics technician in the upper school, enabling them to enter the world of work directly.<br \/>Through this practical training, we also teach teamwork, accuracy, perseverance, decision-making and problem-solving skills.<br \/>Our students gain an insight into the professional world of tradespeople, gain an understanding of their concerns and acquire the foundations for management tasks in the business world.<\/p>\t\t\t\t\t\t\t\t<\/div>\n\t\t\t\t<\/div>\n\t\t\t\t\t<\/div>\n\t\t\t\t<\/div>\n\t\t\t\t<\/div>\n\t\t<div id=\"e-n-tab-content-1673965584\" role=\"tabpanel\" aria-labelledby=\"e-n-tab-title-1673965584\" data-tab-index=\"4\" style=\"--n-tabs-title-order: 4;\" class=\"elementor-element elementor-element-9ba706a e-con-full e-flex e-con e-child\" data-id=\"9ba706a\" data-element_type=\"container\" data-e-type=\"container\" data-settings=\"{&quot;jet_parallax_layout_list&quot;:[]}\">\n\t\t<div class=\"elementor-element elementor-element-66c1fee e-flex e-con-boxed e-con e-child\" data-id=\"66c1fee\" data-element_type=\"container\" data-e-type=\"container\" data-settings=\"{&quot;jet_parallax_layout_list&quot;:[]}\">\n\t\t\t\t\t<div class=\"e-con-inner\">\n\t\t\t\t<div class=\"elementor-element elementor-element-44ce8df elementor-widget elementor-widget-text-editor\" data-id=\"44ce8df\" data-element_type=\"widget\" data-e-type=\"widget\" data-widget_type=\"text-editor.default\">\n\t\t\t\t<div class=\"elementor-widget-container\">\n\t\t\t\t\t\t\t\t\t<p>We offer a family-like education in small groups in which the pupils can feel comfortable. We attach great importance to co-operation with parents.<br \/>Through the intensive life in the community of the boarding and half-boarding school, our pupils acquire a high level of social competence.<br \/>The educator is also a teacher and lives with his group in his own house. The pupils value him as a direct reference person and he supports them with his individual skills.<br \/>We offer regular and differentiated learning support as well as meaningful leisure activities with teachers and educators. We promote the sporting and artistic development of our pupils in a targeted and broad-based way.<br \/>Particularly important to us are the adventurous activities that the group and teachers organise together outside the home, such as our traditional camp and hiking week.<\/p>\t\t\t\t\t\t\t\t<\/div>\n\t\t\t\t<\/div>\n\t\t\t\t\t<\/div>\n\t\t\t\t<\/div>\n\t\t\t\t<\/div>\n\t\t<div id=\"e-n-tab-content-1673965585\" role=\"tabpanel\" aria-labelledby=\"e-n-tab-title-1673965585\" data-tab-index=\"5\" style=\"--n-tabs-title-order: 5;\" class=\"elementor-element elementor-element-992c8d8 e-flex e-con-boxed e-con e-child\" data-id=\"992c8d8\" data-element_type=\"container\" data-e-type=\"container\" data-settings=\"{&quot;jet_parallax_layout_list&quot;:[]}\">\n\t\t\t\t\t<div class=\"e-con-inner\">\n\t\t<div class=\"elementor-element elementor-element-0b0da32 e-con-full e-flex e-con e-child\" data-id=\"0b0da32\" data-element_type=\"container\" data-e-type=\"container\" data-settings=\"{&quot;jet_parallax_layout_list&quot;:[]}\">\n\t\t\t\t<div class=\"elementor-element elementor-element-4dfcb99 elementor-widget elementor-widget-text-editor\" data-id=\"4dfcb99\" data-element_type=\"widget\" data-e-type=\"widget\" data-widget_type=\"text-editor.default\">\n\t\t\t\t<div class=\"elementor-widget-container\">\n\t\t\t\t\t\t\t\t\t<p>Our graduates complete their 9-year training programme with a final apprenticeship examination (journeyman's examination) and the AHS Matura. This attractive dual qualification entitles them to study at any university and fulfils the requirements for the master craftsman's examination.<\/p>\t\t\t\t\t\t\t\t<\/div>\n\t\t\t\t<\/div>\n\t\t\t\t<\/div>\n\t\t\t\t\t<\/div>\n\t\t\t\t<\/div>\n\t\t\t\t\t<\/div>\n\t\t<\/div>\n\t\t\t\t\t\t<\/div>\n\t\t\t\t<\/div>\n\t\t\t\t\t<\/div>\n\t\t\t\t<\/div>\n\t\t<div class=\"elementor-element elementor-element-57988fe e-flex e-con-boxed e-con e-parent\" data-id=\"57988fe\" data-element_type=\"container\" data-e-type=\"container\" data-settings=\"{&quot;jet_parallax_layout_list&quot;:[],&quot;background_background&quot;:&quot;classic&quot;}\">\n\t\t\t\t\t<div class=\"e-con-inner\">\n\t\t\t\t<div class=\"elementor-element elementor-element-91f573d elementor-widget elementor-widget-menu-anchor\" data-id=\"91f573d\" data-element_type=\"widget\" data-e-type=\"widget\" data-widget_type=\"menu-anchor.default\">\n\t\t\t\t<div class=\"elementor-widget-container\">\n\t\t\t\t\t\t\t<div class=\"elementor-menu-anchor\" id=\"schulerhalter\"><\/div>\n\t\t\t\t\t\t<\/div>\n\t\t\t\t<\/div>\n\t\t\t\t<div class=\"elementor-element elementor-element-7b500b7 elementor-view-default elementor-invisible elementor-widget elementor-widget-icon\" data-id=\"7b500b7\" data-element_type=\"widget\" data-e-type=\"widget\" data-settings=\"{&quot;_animation&quot;:&quot;fadeInLeft&quot;,&quot;_animation_delay&quot;:100}\" data-widget_type=\"icon.default\">\n\t\t\t\t<div class=\"elementor-widget-container\">\n\t\t\t\t\t\t\t<div class=\"elementor-icon-wrapper\">\n\t\t\t<div class=\"elementor-icon\">\n\t\t\t<i aria-hidden=\"true\" class=\"far fa-handshake\"><\/i>\t\t\t<\/div>\n\t\t<\/div>\n\t\t\t\t\t\t<\/div>\n\t\t\t\t<\/div>\n\t\t\t\t<div class=\"elementor-element elementor-element-0c6b89c elementor-widget elementor-widget-heading\" data-id=\"0c6b89c\" data-element_type=\"widget\" data-e-type=\"widget\" data-widget_type=\"heading.default\">\n\t\t\t\t<div class=\"elementor-widget-container\">\n\t\t\t\t\t<h2 class=\"elementor-heading-title elementor-size-default\">School provider<\/h2>\t\t\t\t<\/div>\n\t\t\t\t<\/div>\n\t\t\t\t<div class=\"elementor-element elementor-element-40e0d7d elementor-widget elementor-widget-text-editor\" data-id=\"40e0d7d\" data-element_type=\"widget\" data-e-type=\"widget\" data-widget_type=\"text-editor.default\">\n\t\t\t\t<div class=\"elementor-widget-container\">\n\t\t\t\t\t\t\t\t\t<h5><strong>Association for the promotion of school hostels<\/strong><\/h5><p>Werkschulheimstra\u00dfe 11, A-5323 Ebenau<\/p>\t\t\t\t\t\t\t\t<\/div>\n\t\t\t\t<\/div>\n\t\t\t\t\t<\/div>\n\t\t\t\t<\/div>\n\t\t<div class=\"elementor-element elementor-element-90b11c0 e-flex e-con-boxed e-con e-parent\" data-id=\"90b11c0\" data-element_type=\"container\" data-e-type=\"container\" data-settings=\"{&quot;background_background&quot;:&quot;classic&quot;,&quot;jet_parallax_layout_list&quot;:[]}\">\n\t\t\t\t\t<div class=\"e-con-inner\">\n\t\t<div class=\"elementor-element elementor-element-8254a5b e-con-full e-flex e-con e-child\" data-id=\"8254a5b\" data-element_type=\"container\" data-e-type=\"container\" data-settings=\"{&quot;jet_parallax_layout_list&quot;:[]}\">\n\t\t\t\t<div class=\"elementor-element elementor-element-743b16f elementor-position-top elementor-widget elementor-widget-image-box\" data-id=\"743b16f\" data-element_type=\"widget\" data-e-type=\"widget\" data-widget_type=\"image-box.default\">\n\t\t\t\t<div class=\"elementor-widget-container\">\n\t\t\t\t\t<div class=\"elementor-image-box-wrapper\"><figure class=\"elementor-image-box-img\"><img decoding=\"async\" width=\"260\" height=\"150\" src=\"https:\/\/www.werkschulheim.at\/wp-content\/uploads\/2025\/06\/vereinsvorstandvorsitzender_paulweber-738c68b4.jpg\" class=\"attachment-full size-full wp-image-921\" alt=\"\" \/><\/figure><div class=\"elementor-image-box-content\"><h5 class=\"elementor-image-box-title\">Christoph Paulweber<\/h5><p class=\"elementor-image-box-description\">Chairman of the association<\/p><\/div><\/div>\t\t\t\t<\/div>\n\t\t\t\t<\/div>\n\t\t\t\t<\/div>\n\t\t<div class=\"elementor-element elementor-element-4271351 e-con-full e-flex e-con e-child\" data-id=\"4271351\" data-element_type=\"container\" data-e-type=\"container\" data-settings=\"{&quot;jet_parallax_layout_list&quot;:[]}\">\n\t\t\t\t<div class=\"elementor-element elementor-element-c5bad55 elementor-widget elementor-widget-jet-table\" data-id=\"c5bad55\" data-element_type=\"widget\" data-e-type=\"widget\" data-widget_type=\"jet-table.default\">\n\t\t\t\t<div class=\"elementor-widget-container\">\n\t\t\t\t\t<div class=\"elementor-jet-table jet-elements\">\n\t\t<div class=\"jet-table-wrapper\">\n\t\t\t<table class=\"jet-table jet-table--fa5-compat\">\n\t\t\t\t<thead class=\"jet-table__head\"><tr class=\"jet-table__head-row\"><th class=\"jet-table__cell elementor-repeater-item-964ac9a jet-table__head-cell\" scope=\"col\"><div class=\"jet-table__cell-inner\"><div class=\"jet-table__cell-content\"><div class=\"jet-table__cell-text\">Function<\/div><\/div><\/div><\/th><th class=\"jet-table__cell elementor-repeater-item-24d7676 jet-table__head-cell\" scope=\"col\"><div class=\"jet-table__cell-inner\"><div class=\"jet-table__cell-content\"><div class=\"jet-table__cell-text\">Name<\/div><\/div><\/div><\/th><\/tr><\/thead>\n\t\t\t\t\t\t\t\t<tbody class=\"jet-table__body\"><tr class=\"jet-table__body-row elementor-repeater-item-f766fec\"><td class=\"jet-table__cell elementor-repeater-item-8e77e59 jet-table__body-cell\"><div class=\"jet-table__cell-inner\"><div class=\"jet-table__cell-content\"><div class=\"jet-table__cell-text\">Chairman<\/div><\/div><\/div><\/td><td class=\"jet-table__cell elementor-repeater-item-96cfd3d jet-table__body-cell\"><div class=\"jet-table__cell-inner\"><div class=\"jet-table__cell-content\"><div class=\"jet-table__cell-text\">Christoph Paulweber<\/div><\/div><\/div><\/td><\/tr><tr class=\"jet-table__body-row elementor-repeater-item-389f01e\"><td class=\"jet-table__cell elementor-repeater-item-072263b jet-table__body-cell\"><div class=\"jet-table__cell-inner\"><div class=\"jet-table__cell-content\"><div class=\"jet-table__cell-text\">Honorary Chairman<\/div><\/div><\/div><\/td><td class=\"jet-table__cell elementor-repeater-item-6917c6a jet-table__body-cell\"><div class=\"jet-table__cell-inner\"><div class=\"jet-table__cell-content\"><div class=\"jet-table__cell-text\">Wolfgang Saliger<\/div><\/div><\/div><\/td><\/tr><tr class=\"jet-table__body-row elementor-repeater-item-3c3b66a\"><td class=\"jet-table__cell elementor-repeater-item-bd0d0dd jet-table__body-cell\"><div class=\"jet-table__cell-inner\"><div class=\"jet-table__cell-content\"><div class=\"jet-table__cell-text\">Deputy Chairman<\/div><\/div><\/div><\/td><td class=\"jet-table__cell elementor-repeater-item-44a2898 jet-table__body-cell\"><div class=\"jet-table__cell-inner\"><div class=\"jet-table__cell-content\"><div class=\"jet-table__cell-text\">Josef Resch<\/div><\/div><\/div><\/td><\/tr><tr class=\"jet-table__body-row elementor-repeater-item-1da66bc\"><td class=\"jet-table__cell elementor-repeater-item-cf4a832 jet-table__body-cell\"><div class=\"jet-table__cell-inner\"><div class=\"jet-table__cell-content\"><div class=\"jet-table__cell-text\">Secretary<\/div><\/div><\/div><\/td><td class=\"jet-table__cell elementor-repeater-item-4c90e73 jet-table__body-cell\"><div class=\"jet-table__cell-inner\"><div class=\"jet-table__cell-content\"><div class=\"jet-table__cell-text\">Waltraud Ablinger-Ebner<\/div><\/div><\/div><\/td><\/tr><tr class=\"jet-table__body-row elementor-repeater-item-76c969e\"><td class=\"jet-table__cell elementor-repeater-item-ef5e2da jet-table__body-cell\"><div class=\"jet-table__cell-inner\"><div class=\"jet-table__cell-content\"><div class=\"jet-table__cell-text\">Treasurer<\/div><\/div><\/div><\/td><td class=\"jet-table__cell elementor-repeater-item-30a3535 jet-table__body-cell\"><div class=\"jet-table__cell-inner\"><div class=\"jet-table__cell-content\"><div class=\"jet-table__cell-text\">Gerhard Haggenmiller<\/div><\/div><\/div><\/td><\/tr><tr class=\"jet-table__body-row elementor-repeater-item-e0971c7\"><td class=\"jet-table__cell elementor-repeater-item-0ac111b jet-table__body-cell\"><div class=\"jet-table__cell-inner\"><div class=\"jet-table__cell-content\"><div class=\"jet-table__cell-text\">Assessor<\/div><\/div><\/div><\/td><td class=\"jet-table__cell elementor-repeater-item-31a019b jet-table__body-cell\"><div class=\"jet-table__cell-inner\"><div class=\"jet-table__cell-content\"><div class=\"jet-table__cell-text\">Manfred Pammer<br>\nIrene Schulte<br>\nJakob Steinkogler-Caesar<br>\nAnita Wautischer <br><\/div><\/div><\/div><\/td><\/tr><tr class=\"jet-table__body-row elementor-repeater-item-0670aec\"><td class=\"jet-table__cell elementor-repeater-item-54fc2ed jet-table__body-cell\"><div class=\"jet-table__cell-inner\"><div class=\"jet-table__cell-content\"><div class=\"jet-table__cell-text\">Auditor<\/div><\/div><\/div><\/td><td class=\"jet-table__cell elementor-repeater-item-fefe7b5 jet-table__body-cell\"><div class=\"jet-table__cell-inner\"><div class=\"jet-table__cell-content\"><div class=\"jet-table__cell-text\">Rupert Hengster<br>\nWolgang Hoffmann<\/div><\/div><\/div><\/td><\/tr><tr class=\"jet-table__body-row elementor-repeater-item-fd26e60\"><td class=\"jet-table__cell elementor-repeater-item-c0c83d8 jet-table__body-cell\"><div class=\"jet-table__cell-inner\"><div class=\"jet-table__cell-content\"><div class=\"jet-table__cell-text\">Co-opted assessors<\/div><\/div><\/div><\/td><td class=\"jet-table__cell elementor-repeater-item-7178fe9 jet-table__body-cell\"><div class=\"jet-table__cell-inner\"><div class=\"jet-table__cell-content\"><div class=\"jet-table__cell-text\">Herbert Bachler<br>\nHans Bigenzahn<br>\nHeinz Edenhofner<br>\nHannes F\u00fcrstaller<br>\nTanja Graf<br>\nHans Gruber<br>\nStefan Idinger<br>\nLudwig Kofler<br>\nWinfried Kogelnik<br>\nPeter Jesch<br><\/div><\/div><\/div><\/td><\/tr><\/tbody>\n\t\t\t<\/table>\n\t\t<\/div>\n\n\t\t<\/div>\t\t\t\t<\/div>\n\t\t\t\t<\/div>\n\t\t\t\t<\/div>\n\t\t\t\t\t<\/div>\n\t\t\t\t<\/div>\n\t\t<div class=\"elementor-element elementor-element-5855002 e-con-full e-flex e-con e-parent\" data-id=\"5855002\" data-element_type=\"container\" data-e-type=\"container\" data-settings=\"{&quot;background_background&quot;:&quot;classic&quot;,&quot;jet_parallax_layout_list&quot;:[]}\">\n\t\t\t\t<div class=\"elementor-element elementor-element-0278bd7 elementor-widget elementor-widget-heading\" data-id=\"0278bd7\" data-element_type=\"widget\" data-e-type=\"widget\" data-widget_type=\"heading.default\">\n\t\t\t\t<div class=\"elementor-widget-container\">\n\t\t\t\t\t<h1 class=\"elementor-heading-title elementor-size-default\">Further links<\/h1>\t\t\t\t<\/div>\n\t\t\t\t<\/div>\n\t\t<div class=\"elementor-element elementor-element-f980ab4 e-con-full e-flex e-con e-child\" data-id=\"f980ab4\" data-element_type=\"container\" data-e-type=\"container\" data-settings=\"{&quot;jet_parallax_layout_list&quot;:[]}\">\n\t\t\t\t<div class=\"elementor-element elementor-element-1735b3d elementor-align-left elementor-widget elementor-widget-button\" data-id=\"1735b3d\" data-element_type=\"widget\" data-e-type=\"widget\" data-widget_type=\"button.default\">\n\t\t\t\t<div class=\"elementor-widget-container\">\n\t\t\t\t\t\t\t\t\t<div class=\"elementor-button-wrapper\">\n\t\t\t\t\t<a class=\"elementor-button elementor-button-link elementor-size-sm\" href=\"https:\/\/alumni.werkschulheim.at\/\" target=\"_blank\">\n\t\t\t\t\t\t<span class=\"elementor-button-content-wrapper\">\n\t\t\t\t\t\t\t\t\t<span class=\"elementor-button-text\">Altfelbertaler - Alumni Association<\/span>\n\t\t\t\t\t<\/span>\n\t\t\t\t\t<\/a>\n\t\t\t\t<\/div>\n\t\t\t\t\t\t\t\t<\/div>\n\t\t\t\t<\/div>\n\t\t\t\t<div class=\"elementor-element elementor-element-91764af elementor-align-left elementor-widget elementor-widget-button\" data-id=\"91764af\" data-element_type=\"widget\" data-e-type=\"widget\" data-widget_type=\"button.default\">\n\t\t\t\t<div class=\"elementor-widget-container\">\n\t\t\t\t\t\t\t\t\t<div class=\"elementor-button-wrapper\">\n\t\t\t\t\t<a class=\"elementor-button elementor-button-link elementor-size-sm\" href=\"\/wp-content\/uploads\/2025\/09\/WSH2BProspekt2B2025-komprimiert.pdf\" target=\"_blank\">\n\t\t\t\t\t\t<span class=\"elementor-button-content-wrapper\">\n\t\t\t\t\t\t\t\t\t<span class=\"elementor-button-text\">Download school prospectus<\/span>\n\t\t\t\t\t<\/span>\n\t\t\t\t\t<\/a>\n\t\t\t\t<\/div>\n\t\t\t\t\t\t\t\t<\/div>\n\t\t\t\t<\/div>\n\t\t\t\t<\/div>\n\t\t\t\t<\/div>\n\t\t<div class=\"elementor-element elementor-element-48b2c2c e-flex e-con-boxed e-con e-parent\" data-id=\"48b2c2c\" data-element_type=\"container\" data-e-type=\"container\" data-settings=\"{&quot;jet_parallax_layout_list&quot;:[],&quot;background_background&quot;:&quot;classic&quot;}\">\n\t\t\t\t\t<div class=\"e-con-inner\">\n\t\t\t\t<div class=\"elementor-element elementor-element-6216efa elementor-widget elementor-widget-menu-anchor\" data-id=\"6216efa\" data-element_type=\"widget\" data-e-type=\"widget\" data-widget_type=\"menu-anchor.default\">\n\t\t\t\t<div class=\"elementor-widget-container\">\n\t\t\t\t\t\t\t<div class=\"elementor-menu-anchor\" id=\"geschichte\"><\/div>\n\t\t\t\t\t\t<\/div>\n\t\t\t\t<\/div>\n\t\t\t\t<div class=\"elementor-element elementor-element-9b3b816 elementor-view-default elementor-invisible elementor-widget elementor-widget-icon\" data-id=\"9b3b816\" data-element_type=\"widget\" data-e-type=\"widget\" data-settings=\"{&quot;_animation&quot;:&quot;fadeInLeft&quot;,&quot;_animation_delay&quot;:100}\" data-widget_type=\"icon.default\">\n\t\t\t\t<div class=\"elementor-widget-container\">\n\t\t\t\t\t\t\t<div class=\"elementor-icon-wrapper\">\n\t\t\t<div class=\"elementor-icon\">\n\t\t\t<i aria-hidden=\"true\" class=\"fas fa-history\"><\/i>\t\t\t<\/div>\n\t\t<\/div>\n\t\t\t\t\t\t<\/div>\n\t\t\t\t<\/div>\n\t\t\t\t<div class=\"elementor-element elementor-element-b004949 elementor-widget elementor-widget-heading\" data-id=\"b004949\" data-element_type=\"widget\" data-e-type=\"widget\" data-widget_type=\"heading.default\">\n\t\t\t\t<div class=\"elementor-widget-container\">\n\t\t\t\t\t<h2 class=\"elementor-heading-title elementor-size-default\">History of the school<\/h2>\t\t\t\t<\/div>\n\t\t\t\t<\/div>\n\t\t\t\t\t<\/div>\n\t\t\t\t<\/div>\n\t\t<div class=\"elementor-element elementor-element-6830c7b e-flex e-con-boxed e-con e-parent\" data-id=\"6830c7b\" data-element_type=\"container\" data-e-type=\"container\" data-settings=\"{&quot;background_background&quot;:&quot;classic&quot;,&quot;jet_parallax_layout_list&quot;:[],&quot;shape_divider_bottom&quot;:&quot;opacity-tilt&quot;}\">\n\t\t\t\t\t<div class=\"e-con-inner\">\n\t\t\t\t<div class=\"elementor-shape elementor-shape-bottom\" aria-hidden=\"true\" data-negative=\"false\">\n\t\t\t<svg xmlns=\"http:\/\/www.w3.org\/2000\/svg\" viewbox=\"0 0 2600 131.1\" preserveaspectratio=\"none\">\n\t<path class=\"elementor-shape-fill\" d=\"M0 0L2600 0 2600 69.1 0 0z\"\/>\n\t<path class=\"elementor-shape-fill\" style=\"opacity:0.5\" d=\"M0 0L2600 0 2600 69.1 0 69.1z\"\/>\n\t<path class=\"elementor-shape-fill\" style=\"opacity:0.25\" d=\"M2600 0L0 0 0 130.1 2600 69.1z\"\/>\n<\/svg>\t\t<\/div>\n\t\t\t\t<div class=\"elementor-element elementor-element-399ed9b elementor-widget elementor-widget-text-editor\" data-id=\"399ed9b\" data-element_type=\"widget\" data-e-type=\"widget\" data-widget_type=\"text-editor.default\">\n\t\t\t\t<div class=\"elementor-widget-container\">\n\t\t\t\t\t\t\t\t\t<p class=\"p1\">In August 1951, at the 7th World Jamboree in Bad Ischl, the idea was born to establish a work school home in Austria based on the Bavarian model. Just one month later, the foundation stone was laid with the founding of the supporting organisation.<\/p><p class=\"p1\">The first school year began on 14 September 1951 in Felbertal near Mittersill with 25 pupils and six adults. Even in the early years, the Werkschulheim developed successfully and quickly gained national and international recognition. In 1954, the school was granted public status and was able to issue state-recognised certificates for the first time.<\/p><p class=\"p1\">Due to growing student numbers and space restrictions, the decision was made to relocate at the beginning of the 1960s. The ideal conditions were found in Ebenau near Salzburg, and the school moved into its new buildings in 1964. The school type \u201eWerkschulheim\u201c was enshrined in law in 1962.<\/p><p class=\"p1\">In the decades that followed, the school continued to grow: new branches of education, modern workshops, additional boarding and school buildings and the introduction of the half-boarding school characterised its development. In 2001, the Werkschulheim celebrated its 50th anniversary as one of the most successful public schools in Austria.<\/p><p class=\"p1\">The full boarding school has also been open to girls since 2011. Further modernisations - most recently the renovation of the boarding school buildings - have ensured the school's future viability.<\/p><p class=\"p1\">From the very beginning, the Werkschulheim <span class=\"s1\"><b>Grammar school education with vocational training<\/b><\/span>. Project weeks, learning in small groups and scouting values characterise school life to this day. The original camp gate from the 1951 World Jamboree on campus is a reminder of the founding history - as is the school's own scout group, which actively continues this tradition.<\/p>\t\t\t\t\t\t\t\t<\/div>\n\t\t\t\t<\/div>\n\t\t\t\t<div class=\"elementor-element elementor-element-a6054c8 elementor-widget elementor-widget-jet-timeline\" data-id=\"a6054c8\" data-element_type=\"widget\" data-e-type=\"widget\" data-widget_type=\"jet-timeline.default\">\n\t\t\t\t<div class=\"elementor-widget-container\">\n\t\t\t\t\t<div class=\"elementor-jet-timeline jet-elements\"><div class=\"jet-timeline jet-timeline--align-center jet-timeline--align-middle\">\n\t<div class=\"jet-timeline__line\"><div class=\"jet-timeline__line-progress\"><\/div><\/div>\n\t<div class=\"jet-timeline-list\"><div class=\"jet-timeline-item  elementor-repeater-item-1b7261a jet-timeline-item--image-inside\">\n\t<div class=\"timeline-item__card\">\n\t\t<div class=\"timeline-item__card-inner\">\n\t\t\t\t<div class=\"timeline-item__card-img\"><img decoding=\"async\" width=\"1024\" height=\"683\" src=\"https:\/\/www.werkschulheim.at\/wp-content\/uploads\/2026\/04\/Pressebild_Spatenstich_Werkschulheim_Felbertal_ev-1024x683-1.jpg\" class=\"attachment-full size-full wp-image-3372\" alt=\"\" srcset=\"https:\/\/www.werkschulheim.at\/wp-content\/uploads\/2026\/04\/Pressebild_Spatenstich_Werkschulheim_Felbertal_ev-1024x683-1.jpg 1024w, https:\/\/www.werkschulheim.at\/wp-content\/uploads\/2026\/04\/Pressebild_Spatenstich_Werkschulheim_Felbertal_ev-1024x683-1-300x200.jpg 300w, https:\/\/www.werkschulheim.at\/wp-content\/uploads\/2026\/04\/Pressebild_Spatenstich_Werkschulheim_Felbertal_ev-1024x683-1-768x512.jpg 768w, https:\/\/www.werkschulheim.at\/wp-content\/uploads\/2026\/04\/Pressebild_Spatenstich_Werkschulheim_Felbertal_ev-1024x683-1-18x12.jpg 18w\" sizes=\"(max-width: 1024px) 100vw, 1024px\" \/><\/div>\t\t\t\t<div class=\"timeline-item__card-content\">\n\t\t\t\t\t<div class=\"timeline-item__meta\"><\/div><h5 class=\"timeline-item__card-title\">2026<\/h5><div class=\"timeline-item__card-desc\"><p>Beginn der umfassenden Sanierung und Erweiterung des Schulgeb\u00e4udes.<\/p><p>Ein Schultrakt wird aufgestockt, modernisiert und barrierefrei zug\u00e4nglich gemacht.<\/p><\/div>\t\t\t\t<\/div>\n\t\t\t\t\t\t<\/div>\n\t\t<div class=\"timeline-item__card-arrow\"><\/div>\n\t<\/div>\n\t<div class=\"timeline-item__point\"><div class=\"timeline-item__point-content timeline-item__point-content--icon\"><span class=\"jet-elements-icon\"><i aria-hidden=\"true\" class=\"fas fa-calendar-alt\"><\/i><\/span><\/div><\/div><div class=\"timeline-item__meta\"><\/div><\/div><div class=\"jet-timeline-item  elementor-repeater-item-af76f6b jet-timeline-item--image-inside\">\n\t<div class=\"timeline-item__card\">\n\t\t<div class=\"timeline-item__card-inner\">\n\t\t\t\t\t\t\t\t<div class=\"timeline-item__card-content\">\n\t\t\t\t\t<div class=\"timeline-item__meta\"><\/div><h5 class=\"timeline-item__card-title\">2024<\/h5><div class=\"timeline-item__card-desc\"><p>Construction of a car park deck with 39 parking spaces to improve the parking situation. Planning work for the school remodelling was carried out in parallel.<\/p><\/div>\t\t\t\t<\/div>\n\t\t\t\t\t\t<\/div>\n\t\t<div class=\"timeline-item__card-arrow\"><\/div>\n\t<\/div>\n\t<div class=\"timeline-item__point\"><div class=\"timeline-item__point-content timeline-item__point-content--icon\"><span class=\"jet-elements-icon\"><i aria-hidden=\"true\" class=\"fas fa-calendar-alt\"><\/i><\/span><\/div><\/div><div class=\"timeline-item__meta\"><\/div><\/div><div class=\"jet-timeline-item  elementor-repeater-item-9d7e3a1 jet-timeline-item--image-inside\">\n\t<div class=\"timeline-item__card\">\n\t\t<div class=\"timeline-item__card-inner\">\n\t\t\t\t\t\t\t\t<div class=\"timeline-item__card-content\">\n\t\t\t\t\t<div class=\"timeline-item__meta\"><\/div><h5 class=\"timeline-item__card-title\">2016<\/h5><div class=\"timeline-item__card-desc\"><p>The refurbishment of the boarding school continued and was completed in 2016 with the finalisation of House 8.<\/p><\/div>\t\t\t\t<\/div>\n\t\t\t\t\t\t<\/div>\n\t\t<div class=\"timeline-item__card-arrow\"><\/div>\n\t<\/div>\n\t<div class=\"timeline-item__point\"><div class=\"timeline-item__point-content timeline-item__point-content--icon\"><span class=\"jet-elements-icon\"><i aria-hidden=\"true\" class=\"fas fa-calendar-alt\"><\/i><\/span><\/div><\/div><div class=\"timeline-item__meta\"><\/div><\/div><div class=\"jet-timeline-item  elementor-repeater-item-9a2558d jet-timeline-item--image-inside\">\n\t<div class=\"timeline-item__card\">\n\t\t<div class=\"timeline-item__card-inner\">\n\t\t\t\t<div class=\"timeline-item__card-img\"><img loading=\"lazy\" decoding=\"async\" width=\"1024\" height=\"683\" src=\"https:\/\/www.werkschulheim.at\/wp-content\/uploads\/2026\/04\/allgemein_campus_1500px-1024x683-1.jpg\" class=\"attachment-full size-full wp-image-3368\" alt=\"\" srcset=\"https:\/\/www.werkschulheim.at\/wp-content\/uploads\/2026\/04\/allgemein_campus_1500px-1024x683-1.jpg 1024w, https:\/\/www.werkschulheim.at\/wp-content\/uploads\/2026\/04\/allgemein_campus_1500px-1024x683-1-300x200.jpg 300w, https:\/\/www.werkschulheim.at\/wp-content\/uploads\/2026\/04\/allgemein_campus_1500px-1024x683-1-768x512.jpg 768w, https:\/\/www.werkschulheim.at\/wp-content\/uploads\/2026\/04\/allgemein_campus_1500px-1024x683-1-18x12.jpg 18w\" sizes=\"(max-width: 1024px) 100vw, 1024px\" \/><\/div>\t\t\t\t<div class=\"timeline-item__card-content\">\n\t\t\t\t\t<div class=\"timeline-item__meta\"><\/div><h5 class=\"timeline-item__card-title\">2011<\/h5><div class=\"timeline-item__card-desc\"><p>In 2011, the Werkschulheim opened the full boarding school for girls. A total of around 320 boys and girls attended the school, of which around 180 attended the boarding school.<\/p><\/div>\t\t\t\t<\/div>\n\t\t\t\t\t\t<\/div>\n\t\t<div class=\"timeline-item__card-arrow\"><\/div>\n\t<\/div>\n\t<div class=\"timeline-item__point\"><div class=\"timeline-item__point-content timeline-item__point-content--icon\"><span class=\"jet-elements-icon\"><i aria-hidden=\"true\" class=\"fas fa-calendar-alt\"><\/i><\/span><\/div><\/div><div class=\"timeline-item__meta\"><\/div><\/div><div class=\"jet-timeline-item  elementor-repeater-item-7b3b8f1 jet-timeline-item--image-inside\">\n\t<div class=\"timeline-item__card\">\n\t\t<div class=\"timeline-item__card-inner\">\n\t\t\t\t\t\t\t\t<div class=\"timeline-item__card-content\">\n\t\t\t\t\t<div class=\"timeline-item__meta\"><\/div><h5 class=\"timeline-item__card-title\">2008<\/h5><div class=\"timeline-item__card-desc\"><p>The next modernisation steps took place in 2008 with the opening of the new gymnasium and the new half-boarding school, and a year later with the opening of the new boarding school building, House 7.<\/p><\/div>\t\t\t\t<\/div>\n\t\t\t\t\t\t<\/div>\n\t\t<div class=\"timeline-item__card-arrow\"><\/div>\n\t<\/div>\n\t<div class=\"timeline-item__point\"><div class=\"timeline-item__point-content timeline-item__point-content--icon\"><span class=\"jet-elements-icon\"><i aria-hidden=\"true\" class=\"fas fa-calendar-alt\"><\/i><\/span><\/div><\/div><div class=\"timeline-item__meta\"><\/div><\/div><div class=\"jet-timeline-item  elementor-repeater-item-15ac254 jet-timeline-item--image-outside_after\">\n\t<div class=\"timeline-item__card\">\n\t\t<div class=\"timeline-item__card-inner\">\n\t\t\t\t<div class=\"timeline-item__card-img\"><img loading=\"lazy\" decoding=\"async\" width=\"768\" height=\"444\" src=\"https:\/\/www.werkschulheim.at\/wp-content\/uploads\/2025\/04\/Werkschulheim_Felbertal_Geschichte_unserer_Schule_BG_24-768x444.jpg\" class=\"attachment-medium_large size-medium_large wp-image-389\" alt=\"\" srcset=\"https:\/\/www.werkschulheim.at\/wp-content\/uploads\/2025\/04\/Werkschulheim_Felbertal_Geschichte_unserer_Schule_BG_24-768x444.jpg 768w, https:\/\/www.werkschulheim.at\/wp-content\/uploads\/2025\/04\/Werkschulheim_Felbertal_Geschichte_unserer_Schule_BG_24-300x173.jpg 300w, https:\/\/www.werkschulheim.at\/wp-content\/uploads\/2025\/04\/Werkschulheim_Felbertal_Geschichte_unserer_Schule_BG_24-1024x591.jpg 1024w, https:\/\/www.werkschulheim.at\/wp-content\/uploads\/2025\/04\/Werkschulheim_Felbertal_Geschichte_unserer_Schule_BG_24.jpg 1160w\" sizes=\"(max-width: 768px) 100vw, 768px\" \/><\/div>\t\t\t\t<div class=\"timeline-item__card-content\">\n\t\t\t\t\t<div class=\"timeline-item__meta\"><div class=\"timeline-item__meta-content\">50th anniversary<\/div><\/div><h5 class=\"timeline-item__card-title\">2001<\/h5><div class=\"timeline-item__card-desc\"><p>Zum 50-j\u00e4hrigen Jubil\u00e4um pr\u00e4sentierte sich das Werkschulheim mit rund 290 Sch\u00fclerinnen und Sch\u00fclern als eine der erfolgreichsten Privatschulen \u00d6sterreichs.<\/p><p>P\u00e4dagogische Neuerungen st\u00e4rkten die Schule nachhaltig f\u00fcr die Zukunft.<\/p><\/div>\t\t\t\t<\/div>\n\t\t\t\t\t\t<\/div>\n\t\t<div class=\"timeline-item__card-arrow\"><\/div>\n\t<\/div>\n\t<div class=\"timeline-item__point\"><div class=\"timeline-item__point-content timeline-item__point-content--icon\"><span class=\"jet-elements-icon\"><i aria-hidden=\"true\" class=\"fas fa-calendar-alt\"><\/i><\/span><\/div><\/div><div class=\"timeline-item__meta\"><div class=\"timeline-item__meta-content\">50th anniversary<\/div><div class=\"timeline-item__card-img\"><img loading=\"lazy\" decoding=\"async\" width=\"768\" height=\"444\" src=\"https:\/\/www.werkschulheim.at\/wp-content\/uploads\/2025\/04\/Werkschulheim_Felbertal_Geschichte_unserer_Schule_BG_24-768x444.jpg\" class=\"attachment-medium_large size-medium_large wp-image-389\" alt=\"\" srcset=\"https:\/\/www.werkschulheim.at\/wp-content\/uploads\/2025\/04\/Werkschulheim_Felbertal_Geschichte_unserer_Schule_BG_24-768x444.jpg 768w, https:\/\/www.werkschulheim.at\/wp-content\/uploads\/2025\/04\/Werkschulheim_Felbertal_Geschichte_unserer_Schule_BG_24-300x173.jpg 300w, https:\/\/www.werkschulheim.at\/wp-content\/uploads\/2025\/04\/Werkschulheim_Felbertal_Geschichte_unserer_Schule_BG_24-1024x591.jpg 1024w, https:\/\/www.werkschulheim.at\/wp-content\/uploads\/2025\/04\/Werkschulheim_Felbertal_Geschichte_unserer_Schule_BG_24.jpg 1160w\" sizes=\"(max-width: 768px) 100vw, 768px\" \/><\/div><\/div><\/div><div class=\"jet-timeline-item  elementor-repeater-item-580cb43 jet-timeline-item--image-inside\">\n\t<div class=\"timeline-item__card\">\n\t\t<div class=\"timeline-item__card-inner\">\n\t\t\t\t\t\t\t\t<div class=\"timeline-item__card-content\">\n\t\t\t\t\t<div class=\"timeline-item__meta\"><\/div><h5 class=\"timeline-item__card-title\">2000 \u2013 Werkst\u00e4tten<\/h5><div class=\"timeline-item__card-desc\"><p>Er\u00f6ffnung des neuen Werkst\u00e4ttengeb\u00e4udes und Ausbau der praktischen Ausbildung.<\/p><\/div>\t\t\t\t<\/div>\n\t\t\t\t\t\t<\/div>\n\t\t<div class=\"timeline-item__card-arrow\"><\/div>\n\t<\/div>\n\t<div class=\"timeline-item__point\"><div class=\"timeline-item__point-content timeline-item__point-content--icon\"><span class=\"jet-elements-icon\"><i aria-hidden=\"true\" class=\"fas fa-calendar-alt\"><\/i><\/span><\/div><\/div><div class=\"timeline-item__meta\"><\/div><\/div><div class=\"jet-timeline-item  elementor-repeater-item-26f604e jet-timeline-item--image-inside\">\n\t<div class=\"timeline-item__card\">\n\t\t<div class=\"timeline-item__card-inner\">\n\t\t\t\t<div class=\"timeline-item__card-img\"><img loading=\"lazy\" decoding=\"async\" width=\"1160\" height=\"670\" src=\"https:\/\/www.werkschulheim.at\/wp-content\/uploads\/2026\/04\/Werkschulheim_Felbertal_Geschichte_unserer_Schule_BG_13-3.jpg\" class=\"attachment-full size-full wp-image-3367\" alt=\"\" srcset=\"https:\/\/www.werkschulheim.at\/wp-content\/uploads\/2026\/04\/Werkschulheim_Felbertal_Geschichte_unserer_Schule_BG_13-3.jpg 1160w, https:\/\/www.werkschulheim.at\/wp-content\/uploads\/2026\/04\/Werkschulheim_Felbertal_Geschichte_unserer_Schule_BG_13-3-300x173.jpg 300w, https:\/\/www.werkschulheim.at\/wp-content\/uploads\/2026\/04\/Werkschulheim_Felbertal_Geschichte_unserer_Schule_BG_13-3-1024x591.jpg 1024w, https:\/\/www.werkschulheim.at\/wp-content\/uploads\/2026\/04\/Werkschulheim_Felbertal_Geschichte_unserer_Schule_BG_13-3-768x444.jpg 768w, https:\/\/www.werkschulheim.at\/wp-content\/uploads\/2026\/04\/Werkschulheim_Felbertal_Geschichte_unserer_Schule_BG_13-3-18x10.jpg 18w\" sizes=\"(max-width: 1160px) 100vw, 1160px\" \/><\/div>\t\t\t\t<div class=\"timeline-item__card-content\">\n\t\t\t\t\t<div class=\"timeline-item__meta\"><\/div><h5 class=\"timeline-item__card-title\">1988 \u2013 Halbinternat<\/h5><div class=\"timeline-item__card-desc\"><p>Einf\u00fchrung des Halbinternats f\u00fcr Sch\u00fcler aus der Region.<\/p><\/div>\t\t\t\t<\/div>\n\t\t\t\t\t\t<\/div>\n\t\t<div class=\"timeline-item__card-arrow\"><\/div>\n\t<\/div>\n\t<div class=\"timeline-item__point\"><div class=\"timeline-item__point-content timeline-item__point-content--icon\"><span class=\"jet-elements-icon\"><i aria-hidden=\"true\" class=\"fas fa-calendar-alt\"><\/i><\/span><\/div><\/div><div class=\"timeline-item__meta\"><\/div><\/div><div class=\"jet-timeline-item  elementor-repeater-item-3d276bf jet-timeline-item--image-inside\">\n\t<div class=\"timeline-item__card\">\n\t\t<div class=\"timeline-item__card-inner\">\n\t\t\t\t\t\t\t\t<div class=\"timeline-item__card-content\">\n\t\t\t\t\t<div class=\"timeline-item__meta\"><\/div><h5 class=\"timeline-item__card-title\">1964 \u2013 Standort Ebenau<\/h5><div class=\"timeline-item__card-desc\"><p>Umzug nach Ebenau und Bezug der neuen Schulgeb\u00e4ude.<\/p><\/div>\t\t\t\t<\/div>\n\t\t\t\t\t\t<\/div>\n\t\t<div class=\"timeline-item__card-arrow\"><\/div>\n\t<\/div>\n\t<div class=\"timeline-item__point\"><div class=\"timeline-item__point-content timeline-item__point-content--icon\"><span class=\"jet-elements-icon\"><i aria-hidden=\"true\" class=\"fas fa-calendar-alt\"><\/i><\/span><\/div><\/div><div class=\"timeline-item__meta\"><\/div><\/div><div class=\"jet-timeline-item  elementor-repeater-item-c577bc2 jet-timeline-item--image-inside\">\n\t<div class=\"timeline-item__card\">\n\t\t<div class=\"timeline-item__card-inner\">\n\t\t\t\t\t\t\t\t<div class=\"timeline-item__card-content\">\n\t\t\t\t\t<div class=\"timeline-item__meta\"><\/div><h5 class=\"timeline-item__card-title\">1954 \u2013 \u00d6ffentlichkeitsrecht<\/h5><div class=\"timeline-item__card-desc\"><p>Staatliche Anerkennung und Berechtigung zur Ausstellung g\u00fcltiger Zeugnisse.<\/p><\/div>\t\t\t\t<\/div>\n\t\t\t\t\t\t<\/div>\n\t\t<div class=\"timeline-item__card-arrow\"><\/div>\n\t<\/div>\n\t<div class=\"timeline-item__point\"><div class=\"timeline-item__point-content timeline-item__point-content--icon\"><span class=\"jet-elements-icon\"><i aria-hidden=\"true\" class=\"fas fa-calendar-alt\"><\/i><\/span><\/div><\/div><div class=\"timeline-item__meta\"><\/div><\/div><div class=\"jet-timeline-item  elementor-repeater-item-aca7eeb jet-timeline-item--image-inside\">\n\t<div class=\"timeline-item__card\">\n\t\t<div class=\"timeline-item__card-inner\">\n\t\t\t\t<div class=\"timeline-item__card-img\"><img loading=\"lazy\" decoding=\"async\" width=\"1280\" height=\"720\" src=\"https:\/\/www.werkschulheim.at\/wp-content\/uploads\/2026\/04\/2841512_bigpicture_1097145_werk.jpg\" class=\"attachment-full size-full wp-image-3365\" alt=\"\" srcset=\"https:\/\/www.werkschulheim.at\/wp-content\/uploads\/2026\/04\/2841512_bigpicture_1097145_werk.jpg 1280w, https:\/\/www.werkschulheim.at\/wp-content\/uploads\/2026\/04\/2841512_bigpicture_1097145_werk-300x169.jpg 300w, https:\/\/www.werkschulheim.at\/wp-content\/uploads\/2026\/04\/2841512_bigpicture_1097145_werk-1024x576.jpg 1024w, https:\/\/www.werkschulheim.at\/wp-content\/uploads\/2026\/04\/2841512_bigpicture_1097145_werk-768x432.jpg 768w, https:\/\/www.werkschulheim.at\/wp-content\/uploads\/2026\/04\/2841512_bigpicture_1097145_werk-18x10.jpg 18w\" sizes=\"(max-width: 1280px) 100vw, 1280px\" \/><\/div>\t\t\t\t<div class=\"timeline-item__card-content\">\n\t\t\t\t\t<div class=\"timeline-item__meta\"><\/div><h5 class=\"timeline-item__card-title\">1951 \u2013 Gr\u00fcndung<\/h5><div class=\"timeline-item__card-desc\"><p>Idee beim Weltjamboree und Start des Werkschulheims im Felbertal.<\/p><\/div>\t\t\t\t<\/div>\n\t\t\t\t\t\t<\/div>\n\t\t<div class=\"timeline-item__card-arrow\"><\/div>\n\t<\/div>\n\t<div class=\"timeline-item__point\"><div class=\"timeline-item__point-content timeline-item__point-content--icon\"><span class=\"jet-elements-icon\"><i aria-hidden=\"true\" class=\"fas fa-calendar-alt\"><\/i><\/span><\/div><\/div><div class=\"timeline-item__meta\"><\/div><\/div><\/div><\/div><\/div>\t\t\t\t<\/div>\n\t\t\t\t<\/div>\n\t\t\t\t\t<\/div>\n\t\t\t\t<\/div>\n\t\t<div class=\"elementor-element elementor-element-df2e8d1 e-flex e-con-boxed e-con e-parent\" data-id=\"df2e8d1\" data-element_type=\"container\" data-e-type=\"container\" data-settings=\"{&quot;jet_parallax_layout_list&quot;:[]}\">\n\t\t\t\t\t<div class=\"e-con-inner\">\n\t\t\t\t<div class=\"elementor-element elementor-element-595e12d elementor-widget elementor-widget-menu-anchor\" data-id=\"595e12d\" data-element_type=\"widget\" data-e-type=\"widget\" data-widget_type=\"menu-anchor.default\">\n\t\t\t\t<div class=\"elementor-widget-container\">\n\t\t\t\t\t\t\t<div class=\"elementor-menu-anchor\" id=\"auszeichnungen\"><\/div>\n\t\t\t\t\t\t<\/div>\n\t\t\t\t<\/div>\n\t\t\t\t<div class=\"elementor-element elementor-element-4ab0a26 elementor-widget elementor-widget-heading\" data-id=\"4ab0a26\" data-element_type=\"widget\" data-e-type=\"widget\" data-widget_type=\"heading.default\">\n\t\t\t\t<div class=\"elementor-widget-container\">\n\t\t\t\t\t<h4 class=\"elementor-heading-title elementor-size-default\">Awards and honours<\/h4>\t\t\t\t<\/div>\n\t\t\t\t<\/div>\n\t\t\t\t<div class=\"elementor-element elementor-element-a6ad6c6 elementor-widget elementor-widget-jet-brands\" data-id=\"a6ad6c6\" data-element_type=\"widget\" data-e-type=\"widget\" data-widget_type=\"jet-brands.default\">\n\t\t\t\t<div class=\"elementor-widget-container\">\n\t\t\t\t\t<div class=\"elementor-jet-brands jet-elements\"><div class=\"brands-wrap\">\n\t<div class=\"brands-list col-row\"><div class=\"brands-list__item\"><a class=\"brands-list__item-link\" href=\"https:\/\/www.sipcan.at\" target=\"_blank\"><div class=\"brands-list__item-img-wrap\"><img decoding=\"async\" src=\"https:\/\/www.werkschulheim.at\/wp-content\/uploads\/2025\/04\/sipcan_30.jpg\" alt=\"sipcan_30\" class=\"brands-list__item-img\" loading=\"lazy\"><\/div><\/a><\/div>\n<div class=\"brands-list__item\"><a class=\"brands-list__item-link\" href=\"https:\/\/www.klimabuendnis.at\" target=\"_blank\"><div class=\"brands-list__item-img-wrap\"><img decoding=\"async\" src=\"https:\/\/www.werkschulheim.at\/wp-content\/uploads\/2025\/04\/klima_30.jpg\" alt=\"climate_30\" class=\"brands-list__item-img\" loading=\"lazy\"><\/div><\/a><\/div>\n<div class=\"brands-list__item\"><a class=\"brands-list__item-link\" href=\"https:\/\/www.plus.ac.at\" target=\"_blank\"><div class=\"brands-list__item-img-wrap\"><img decoding=\"async\" src=\"https:\/\/www.werkschulheim.at\/wp-content\/uploads\/2025\/04\/uni_30.jpg\" alt=\"uni_30\" class=\"brands-list__item-img\" loading=\"lazy\"><\/div><\/a><\/div>\n<div class=\"brands-list__item\"><a class=\"brands-list__item-link\" href=\"https:\/\/erasmus-plus.ec.europa.eu\/de\" target=\"_blank\"><div class=\"brands-list__item-img-wrap\"><img decoding=\"async\" src=\"https:\/\/www.werkschulheim.at\/wp-content\/uploads\/2025\/04\/erasmus_30.jpg\" alt=\"Print\" class=\"brands-list__item-img\" loading=\"lazy\"><\/div><\/a><\/div>\n<div class=\"brands-list__item\"><a class=\"brands-list__item-link\" href=\"https:\/\/www.mintschule.at\" target=\"_blank\"><div class=\"brands-list__item-img-wrap\"><img decoding=\"async\" src=\"https:\/\/www.werkschulheim.at\/wp-content\/uploads\/2025\/04\/mint_30.png\" alt=\"mint_30\" class=\"brands-list__item-img\" loading=\"lazy\"><\/div><\/a><\/div>\n<div class=\"brands-list__item\"><a class=\"brands-list__item-link\" href=\"https:\/\/auva.at\/praevention\/sicher-arbeiten\/auszeichnungen\/auva-guetesiegel\/\" target=\"_blank\"><div class=\"brands-list__item-img-wrap\"><img decoding=\"async\" src=\"https:\/\/www.werkschulheim.at\/wp-content\/uploads\/2025\/12\/Guetesiegel-HP-small-1.png\" alt=\"HP small seal of approval\" class=\"brands-list__item-img\" loading=\"lazy\"><\/div><\/a><\/div>\n<div class=\"brands-list__item\"><a class=\"brands-list__item-link\" href=\"https:\/\/lichtinsdunkel.org\" target=\"_blank\"><div class=\"brands-list__item-img-wrap\"><img decoding=\"async\" src=\"https:\/\/www.werkschulheim.at\/wp-content\/uploads\/2026\/01\/LID2.png\" alt=\"LID2\" class=\"brands-list__item-img\" loading=\"lazy\"><\/div><\/a><\/div>\n<\/div><\/div><\/div>\t\t\t\t<\/div>\n\t\t\t\t<\/div>\n\t\t\t\t\t<\/div>\n\t\t\t\t<\/div>\n\t\t\t\t<\/div>","protected":false},"excerpt":{"rendered":"<p>\u00dcber Uns zum Schulerhalter zum Team Geschichte der Schule Auszeichnungen der Schule Nachhaltigkeit Gremien Werkschulheim Felbertal Privatgymnasium in Salzburg Gymnasium mit Handwerksausbildung Das Werkschulheim Felbertal ist ein Privatgymnasium mit \u00d6ffentlichkeitsrecht, verbunden mit einem Internat f\u00fcr M\u00e4dchen und Burschen. Das seit mehr als 70 Jahren bew\u00e4hrte Bildungskonzept kombiniert eine hohe Allgemeinbildung, handwerkliche Bet\u00e4tigung und soziales Lernen. [&hellip;]<\/p>\n","protected":false},"author":1,"featured_media":0,"parent":0,"menu_order":0,"comment_status":"closed","ping_status":"closed","template":"","meta":{"footnotes":""},"class_list":["post-387","page","type-page","status-publish","hentry"],"yoast_head":"<!-- This site is optimized with the Yoast SEO plugin v27.4 - https:\/\/yoast.com\/product\/yoast-seo-wordpress\/ -->\n<title>\u00dcber Uns - Werkschulheim Felbertal<\/title>\n<meta name=\"description\" content=\"\u00dcber uns - Werkschulheim Felbertal - Privatgymnasium in Salzburg mit Handwerksausbildung. Werte, Qualifikationen, Auszeichnungen und mehr...\" \/>\n<meta name=\"robots\" content=\"index, follow, max-snippet:-1, max-image-preview:large, max-video-preview:-1\" \/>\n<link rel=\"canonical\" href=\"https:\/\/www.werkschulheim.at\/en\/about-us\/\" \/>\n<meta property=\"og:locale\" content=\"en_GB\" \/>\n<meta property=\"og:type\" content=\"article\" \/>\n<meta property=\"og:title\" content=\"\u00dcber Uns - Werkschulheim Felbertal\" \/>\n<meta property=\"og:description\" content=\"\u00dcber uns - Werkschulheim Felbertal - Privatgymnasium in Salzburg mit Handwerksausbildung. Werte, Qualifikationen, Auszeichnungen und mehr...\" \/>\n<meta property=\"og:url\" content=\"https:\/\/www.werkschulheim.at\/en\/about-us\/\" \/>\n<meta property=\"og:site_name\" content=\"Werkschulheim Felbertal\" \/>\n<meta property=\"article:publisher\" content=\"https:\/\/facebook.com\/werkschulheim\" \/>\n<meta property=\"article:modified_time\" content=\"2026-04-07T04:56:17+00:00\" \/>\n<meta property=\"og:image\" content=\"https:\/\/www.werkschulheim.at\/wp-content\/uploads\/2025\/06\/icon_gym_line_Zeichenflaeche-1-scaled.png\" \/>\n\t<meta property=\"og:image:width\" content=\"2560\" \/>\n\t<meta property=\"og:image:height\" content=\"2560\" \/>\n\t<meta property=\"og:image:type\" content=\"image\/png\" \/>\n<meta name=\"twitter:card\" content=\"summary_large_image\" \/>\n<meta name=\"twitter:label1\" content=\"Estimated reading time\" \/>\n\t<meta name=\"twitter:data1\" content=\"11 minutes\" \/>\n<script type=\"application\/ld+json\" class=\"yoast-schema-graph\">{\"@context\":\"https:\\\/\\\/schema.org\",\"@graph\":[{\"@type\":\"WebPage\",\"@id\":\"https:\\\/\\\/www.werkschulheim.at\\\/ueber-uns\\\/\",\"url\":\"https:\\\/\\\/www.werkschulheim.at\\\/ueber-uns\\\/\",\"name\":\"\u00dcber Uns - Werkschulheim Felbertal\",\"isPartOf\":{\"@id\":\"https:\\\/\\\/www.werkschulheim.at\\\/#website\"},\"primaryImageOfPage\":{\"@id\":\"https:\\\/\\\/www.werkschulheim.at\\\/ueber-uns\\\/#primaryimage\"},\"image\":{\"@id\":\"https:\\\/\\\/www.werkschulheim.at\\\/ueber-uns\\\/#primaryimage\"},\"thumbnailUrl\":\"https:\\\/\\\/www.werkschulheim.at\\\/wp-content\\\/uploads\\\/2025\\\/06\\\/icon_gym_line_Zeichenflaeche-1-1024x1024.png\",\"datePublished\":\"2025-04-28T12:48:48+00:00\",\"dateModified\":\"2026-04-07T04:56:17+00:00\",\"description\":\"\u00dcber uns - Werkschulheim Felbertal - Privatgymnasium in Salzburg mit Handwerksausbildung. Werte, Qualifikationen, Auszeichnungen und mehr...\",\"breadcrumb\":{\"@id\":\"https:\\\/\\\/www.werkschulheim.at\\\/ueber-uns\\\/#breadcrumb\"},\"inLanguage\":\"en-GB\",\"potentialAction\":[{\"@type\":\"ReadAction\",\"target\":[\"https:\\\/\\\/www.werkschulheim.at\\\/ueber-uns\\\/\"]}]},{\"@type\":\"ImageObject\",\"inLanguage\":\"en-GB\",\"@id\":\"https:\\\/\\\/www.werkschulheim.at\\\/ueber-uns\\\/#primaryimage\",\"url\":\"https:\\\/\\\/www.werkschulheim.at\\\/wp-content\\\/uploads\\\/2025\\\/06\\\/icon_gym_line_Zeichenflaeche-1-1024x1024.png\",\"contentUrl\":\"https:\\\/\\\/www.werkschulheim.at\\\/wp-content\\\/uploads\\\/2025\\\/06\\\/icon_gym_line_Zeichenflaeche-1-1024x1024.png\"},{\"@type\":\"BreadcrumbList\",\"@id\":\"https:\\\/\\\/www.werkschulheim.at\\\/ueber-uns\\\/#breadcrumb\",\"itemListElement\":[{\"@type\":\"ListItem\",\"position\":1,\"name\":\"Startseite\",\"item\":\"https:\\\/\\\/www.werkschulheim.at\\\/\"},{\"@type\":\"ListItem\",\"position\":2,\"name\":\"\u00dcber Uns\"}]},{\"@type\":\"WebSite\",\"@id\":\"https:\\\/\\\/www.werkschulheim.at\\\/#website\",\"url\":\"https:\\\/\\\/www.werkschulheim.at\\\/\",\"name\":\"Werksschulheim Felbertal\",\"description\":\"Zukunfts-Campus\",\"publisher\":{\"@id\":\"https:\\\/\\\/www.werkschulheim.at\\\/#organization\"},\"alternateName\":\"Privatgymnasium Salzburg\",\"potentialAction\":[{\"@type\":\"SearchAction\",\"target\":{\"@type\":\"EntryPoint\",\"urlTemplate\":\"https:\\\/\\\/www.werkschulheim.at\\\/?s={search_term_string}\"},\"query-input\":{\"@type\":\"PropertyValueSpecification\",\"valueRequired\":true,\"valueName\":\"search_term_string\"}}],\"inLanguage\":\"en-GB\"},{\"@type\":\"Organization\",\"@id\":\"https:\\\/\\\/www.werkschulheim.at\\\/#organization\",\"name\":\"Werksschulheim Felbertal\",\"alternateName\":\"Privatgymnasium Salzburg\",\"url\":\"https:\\\/\\\/www.werkschulheim.at\\\/\",\"logo\":{\"@type\":\"ImageObject\",\"inLanguage\":\"en-GB\",\"@id\":\"https:\\\/\\\/www.werkschulheim.at\\\/#\\\/schema\\\/logo\\\/image\\\/\",\"url\":\"https:\\\/\\\/www.werkschulheim.at\\\/wp-content\\\/uploads\\\/2025\\\/04\\\/Logo-WSH-hochformatig-linksbuendig-cmyk.svg\",\"contentUrl\":\"https:\\\/\\\/www.werkschulheim.at\\\/wp-content\\\/uploads\\\/2025\\\/04\\\/Logo-WSH-hochformatig-linksbuendig-cmyk.svg\",\"width\":1527,\"height\":711,\"caption\":\"Werksschulheim Felbertal\"},\"image\":{\"@id\":\"https:\\\/\\\/www.werkschulheim.at\\\/#\\\/schema\\\/logo\\\/image\\\/\"},\"sameAs\":[\"https:\\\/\\\/facebook.com\\\/werkschulheim\",\"https:\\\/\\\/www.instagram.com\\\/werkschulheim.felbertal\\\/\",\"https:\\\/\\\/www.youtube.com\\\/user\\\/wshfelbertal\"]}]}<\/script>\n<!-- \/ Yoast SEO plugin. -->","yoast_head_json":{"title":"About us - Werkschulheim Felbertal","description":"About us - Werkschulheim Felbertal - Private high school in Salzburg with craft training. Values, qualifications, awards and more...","robots":{"index":"index","follow":"follow","max-snippet":"max-snippet:-1","max-image-preview":"max-image-preview:large","max-video-preview":"max-video-preview:-1"},"canonical":"https:\/\/www.werkschulheim.at\/en\/about-us\/","og_locale":"en_GB","og_type":"article","og_title":"\u00dcber Uns - Werkschulheim Felbertal","og_description":"\u00dcber uns - Werkschulheim Felbertal - Privatgymnasium in Salzburg mit Handwerksausbildung. Werte, Qualifikationen, Auszeichnungen und mehr...","og_url":"https:\/\/www.werkschulheim.at\/en\/about-us\/","og_site_name":"Werkschulheim Felbertal","article_publisher":"https:\/\/facebook.com\/werkschulheim","article_modified_time":"2026-04-07T04:56:17+00:00","og_image":[{"width":2560,"height":2560,"url":"https:\/\/www.werkschulheim.at\/wp-content\/uploads\/2025\/06\/icon_gym_line_Zeichenflaeche-1-scaled.png","type":"image\/png"}],"twitter_card":"summary_large_image","twitter_misc":{"Estimated reading time":"11 minutes"},"schema":{"@context":"https:\/\/schema.org","@graph":[{"@type":"WebPage","@id":"https:\/\/www.werkschulheim.at\/ueber-uns\/","url":"https:\/\/www.werkschulheim.at\/ueber-uns\/","name":"About us - Werkschulheim Felbertal","isPartOf":{"@id":"https:\/\/www.werkschulheim.at\/#website"},"primaryImageOfPage":{"@id":"https:\/\/www.werkschulheim.at\/ueber-uns\/#primaryimage"},"image":{"@id":"https:\/\/www.werkschulheim.at\/ueber-uns\/#primaryimage"},"thumbnailUrl":"https:\/\/www.werkschulheim.at\/wp-content\/uploads\/2025\/06\/icon_gym_line_Zeichenflaeche-1-1024x1024.png","datePublished":"2025-04-28T12:48:48+00:00","dateModified":"2026-04-07T04:56:17+00:00","description":"About us - Werkschulheim Felbertal - Private high school in Salzburg with craft training. Values, qualifications, awards and more...","breadcrumb":{"@id":"https:\/\/www.werkschulheim.at\/ueber-uns\/#breadcrumb"},"inLanguage":"en-GB","potentialAction":[{"@type":"ReadAction","target":["https:\/\/www.werkschulheim.at\/ueber-uns\/"]}]},{"@type":"ImageObject","inLanguage":"en-GB","@id":"https:\/\/www.werkschulheim.at\/ueber-uns\/#primaryimage","url":"https:\/\/www.werkschulheim.at\/wp-content\/uploads\/2025\/06\/icon_gym_line_Zeichenflaeche-1-1024x1024.png","contentUrl":"https:\/\/www.werkschulheim.at\/wp-content\/uploads\/2025\/06\/icon_gym_line_Zeichenflaeche-1-1024x1024.png"},{"@type":"BreadcrumbList","@id":"https:\/\/www.werkschulheim.at\/ueber-uns\/#breadcrumb","itemListElement":[{"@type":"ListItem","position":1,"name":"Startseite","item":"https:\/\/www.werkschulheim.at\/"},{"@type":"ListItem","position":2,"name":"\u00dcber Uns"}]},{"@type":"WebSite","@id":"https:\/\/www.werkschulheim.at\/#website","url":"https:\/\/www.werkschulheim.at\/","name":"Felbertal factory school","description":"Future Campus","publisher":{"@id":"https:\/\/www.werkschulheim.at\/#organization"},"alternateName":"Privatgymnasium Salzburg","potentialAction":[{"@type":"SearchAction","target":{"@type":"EntryPoint","urlTemplate":"https:\/\/www.werkschulheim.at\/?s={search_term_string}"},"query-input":{"@type":"PropertyValueSpecification","valueRequired":true,"valueName":"search_term_string"}}],"inLanguage":"en-GB"},{"@type":"Organization","@id":"https:\/\/www.werkschulheim.at\/#organization","name":"Felbertal factory school","alternateName":"Privatgymnasium Salzburg","url":"https:\/\/www.werkschulheim.at\/","logo":{"@type":"ImageObject","inLanguage":"en-GB","@id":"https:\/\/www.werkschulheim.at\/#\/schema\/logo\/image\/","url":"https:\/\/www.werkschulheim.at\/wp-content\/uploads\/2025\/04\/Logo-WSH-hochformatig-linksbuendig-cmyk.svg","contentUrl":"https:\/\/www.werkschulheim.at\/wp-content\/uploads\/2025\/04\/Logo-WSH-hochformatig-linksbuendig-cmyk.svg","width":1527,"height":711,"caption":"Werksschulheim Felbertal"},"image":{"@id":"https:\/\/www.werkschulheim.at\/#\/schema\/logo\/image\/"},"sameAs":["https:\/\/facebook.com\/werkschulheim","https:\/\/www.instagram.com\/werkschulheim.felbertal\/","https:\/\/www.youtube.com\/user\/wshfelbertal"]}]}},"_links":{"self":[{"href":"https:\/\/www.werkschulheim.at\/en\/wp-json\/wp\/v2\/pages\/387","targetHints":{"allow":["GET"]}}],"collection":[{"href":"https:\/\/www.werkschulheim.at\/en\/wp-json\/wp\/v2\/pages"}],"about":[{"href":"https:\/\/www.werkschulheim.at\/en\/wp-json\/wp\/v2\/types\/page"}],"author":[{"embeddable":true,"href":"https:\/\/www.werkschulheim.at\/en\/wp-json\/wp\/v2\/users\/1"}],"replies":[{"embeddable":true,"href":"https:\/\/www.werkschulheim.at\/en\/wp-json\/wp\/v2\/comments?post=387"}],"version-history":[{"count":202,"href":"https:\/\/www.werkschulheim.at\/en\/wp-json\/wp\/v2\/pages\/387\/revisions"}],"predecessor-version":[{"id":3375,"href":"https:\/\/www.werkschulheim.at\/en\/wp-json\/wp\/v2\/pages\/387\/revisions\/3375"}],"wp:attachment":[{"href":"https:\/\/www.werkschulheim.at\/en\/wp-json\/wp\/v2\/media?parent=387"}],"curies":[{"name":"wp","href":"https:\/\/api.w.org\/{rel}","templated":true}]}}