{"id":1099,"date":"2025-06-11T13:30:37","date_gmt":"2025-06-11T13:30:37","guid":{"rendered":"https:\/\/f6k.bd9.myftpupload.com\/?page_id=1099"},"modified":"2025-12-10T07:35:07","modified_gmt":"2025-12-10T07:35:07","slug":"sustainability","status":"publish","type":"page","link":"https:\/\/www.werkschulheim.at\/en\/sustainability\/","title":{"rendered":"Sustainability"},"content":{"rendered":"\t\t<div data-elementor-type=\"wp-page\" data-elementor-id=\"1099\" class=\"elementor elementor-1099\" data-elementor-post-type=\"page\">\n\t\t\t\t<div class=\"elementor-element elementor-element-aadaf67 e-con-full e-flex e-con e-parent\" data-id=\"aadaf67\" data-element_type=\"container\" data-e-type=\"container\" data-settings=\"{&quot;background_background&quot;:&quot;classic&quot;,&quot;jet_parallax_layout_list&quot;:[]}\">\n\t\t\t\t<div class=\"elementor-element elementor-element-966ea06 elementor-widget elementor-widget-heading\" data-id=\"966ea06\" data-element_type=\"widget\" data-e-type=\"widget\" data-widget_type=\"heading.default\">\n\t\t\t\t<div class=\"elementor-widget-container\">\n\t\t\t\t\t<h1 class=\"elementor-heading-title elementor-size-default\">NACHHALTIGKEIT<\/h1>\t\t\t\t<\/div>\n\t\t\t\t<\/div>\n\t\t\t\t<\/div>\n\t\t<div class=\"elementor-element elementor-element-8f817c6 e-flex e-con-boxed e-con e-parent\" data-id=\"8f817c6\" data-element_type=\"container\" data-e-type=\"container\" data-settings=\"{&quot;jet_parallax_layout_list&quot;:[],&quot;background_background&quot;:&quot;classic&quot;,&quot;shape_divider_top&quot;:&quot;opacity-tilt&quot;}\">\n\t\t\t\t\t<div class=\"e-con-inner\">\n\t\t\t\t<div class=\"elementor-shape elementor-shape-top\" aria-hidden=\"true\" data-negative=\"false\">\n\t\t\t<svg xmlns=\"http:\/\/www.w3.org\/2000\/svg\" viewBox=\"0 0 2600 131.1\" preserveAspectRatio=\"none\">\n\t<path class=\"elementor-shape-fill\" d=\"M0 0L2600 0 2600 69.1 0 0z\"\/>\n\t<path class=\"elementor-shape-fill\" style=\"opacity:0.5\" d=\"M0 0L2600 0 2600 69.1 0 69.1z\"\/>\n\t<path class=\"elementor-shape-fill\" style=\"opacity:0.25\" d=\"M2600 0L0 0 0 130.1 2600 69.1z\"\/>\n<\/svg>\t\t<\/div>\n\t\t\t\t<div class=\"elementor-element elementor-element-739c72b elementor-view-default elementor-invisible elementor-widget elementor-widget-icon\" data-id=\"739c72b\" data-element_type=\"widget\" data-e-type=\"widget\" data-settings=\"{&quot;_animation&quot;:&quot;fadeInLeft&quot;,&quot;_animation_delay&quot;:100}\" data-widget_type=\"icon.default\">\n\t\t\t\t<div class=\"elementor-widget-container\">\n\t\t\t\t\t\t\t<div class=\"elementor-icon-wrapper\">\n\t\t\t<div class=\"elementor-icon\">\n\t\t\t<i aria-hidden=\"true\" class=\"fas fa-leaf\"><\/i>\t\t\t<\/div>\n\t\t<\/div>\n\t\t\t\t\t\t<\/div>\n\t\t\t\t<\/div>\n\t\t<div class=\"elementor-element elementor-element-0e2b63a e-con-full e-flex e-con e-child\" data-id=\"0e2b63a\" data-element_type=\"container\" data-e-type=\"container\" data-settings=\"{&quot;jet_parallax_layout_list&quot;:[],&quot;background_background&quot;:&quot;classic&quot;}\">\n\t\t\t\t<div class=\"elementor-element elementor-element-81efd3a elementor-widget elementor-widget-heading\" data-id=\"81efd3a\" data-element_type=\"widget\" data-e-type=\"widget\" data-widget_type=\"heading.default\">\n\t\t\t\t<div class=\"elementor-widget-container\">\n\t\t\t\t\t<h1 class=\"elementor-heading-title elementor-size-default\">Nachhaltigkeit am Werkschulheim<\/h1>\t\t\t\t<\/div>\n\t\t\t\t<\/div>\n\t\t\t\t<div class=\"elementor-element elementor-element-c344770 elementor-widget elementor-widget-text-editor\" data-id=\"c344770\" data-element_type=\"widget\" data-e-type=\"widget\" data-widget_type=\"text-editor.default\">\n\t\t\t\t<div class=\"elementor-widget-container\">\n\t\t\t\t\t\t\t\t\t<p><strong>Schon immer haben wir am Werkschulheim Felbertal viel Wert auf Nachhaltigkeit gelegt und dies in den letzten Jahren noch verst\u00e4rkt.<\/strong><\/p>\t\t\t\t\t\t\t\t<\/div>\n\t\t\t\t<\/div>\n\t\t\t\t<div class=\"elementor-element elementor-element-b2c2490 elementor-widget elementor-widget-n-accordion\" data-id=\"b2c2490\" data-element_type=\"widget\" data-e-type=\"widget\" data-settings=\"{&quot;default_state&quot;:&quot;expanded&quot;,&quot;max_items_expended&quot;:&quot;one&quot;,&quot;n_accordion_animation_duration&quot;:{&quot;unit&quot;:&quot;ms&quot;,&quot;size&quot;:400,&quot;sizes&quot;:[]}}\" data-widget_type=\"nested-accordion.default\">\n\t\t\t\t<div class=\"elementor-widget-container\">\n\t\t\t\t\t\t\t<div class=\"e-n-accordion\" aria-label=\"Accordion. Open links with Enter or Space, close with Escape, and navigate with Arrow Keys\">\n\t\t\t\t\t\t<details id=\"e-n-accordion-item-1870\" class=\"e-n-accordion-item\" open>\n\t\t\t\t<summary class=\"e-n-accordion-item-title\" data-accordion-index=\"1\" tabindex=\"0\" aria-expanded=\"true\" aria-controls=\"e-n-accordion-item-1870\" >\n\t\t\t\t\t<span class='e-n-accordion-item-title-header'><div class=\"e-n-accordion-item-title-text\"> ausgeblendet <\/div><\/span>\n\t\t\t\t\t\t\t<span class='e-n-accordion-item-title-icon'>\n\t\t\t<span class='e-opened' ><i aria-hidden=\"true\" class=\"fas fa-minus\"><\/i><\/span>\n\t\t\t<span class='e-closed'><i aria-hidden=\"true\" class=\"fas fa-plus\"><\/i><\/span>\n\t\t<\/span>\n\n\t\t\t\t\t\t<\/summary>\n\t\t\t\t<div role=\"region\" aria-labelledby=\"e-n-accordion-item-1870\" class=\"elementor-element elementor-element-69bf9df e-con-full e-flex e-con e-child\" data-id=\"69bf9df\" data-element_type=\"container\" data-e-type=\"container\" data-settings=\"{&quot;jet_parallax_layout_list&quot;:[]}\">\n\t\t\t\t<div class=\"elementor-element elementor-element-17a7dd9 elementor-widget elementor-widget-text-editor\" data-id=\"17a7dd9\" data-element_type=\"widget\" data-e-type=\"widget\" data-widget_type=\"text-editor.default\">\n\t\t\t\t<div class=\"elementor-widget-container\">\n\t\t\t\t\t\t\t\t\t<p>Lorem ipsum dolor sit amet, consectetur adipiscing elit. Ut elit tellus, luctus nec ullamcorper mattis, pulvinar dapibus leo.<\/p>\t\t\t\t\t\t\t\t<\/div>\n\t\t\t\t<\/div>\n\t\t\t\t<\/div>\n\t\t\t\t\t<\/details>\n\t\t\t\t\t\t<details id=\"e-n-accordion-item-1871\" class=\"e-n-accordion-item\" >\n\t\t\t\t<summary class=\"e-n-accordion-item-title\" data-accordion-index=\"2\" tabindex=\"-1\" aria-expanded=\"false\" aria-controls=\"e-n-accordion-item-1871\" >\n\t\t\t\t\t<span class='e-n-accordion-item-title-header'><div class=\"e-n-accordion-item-title-text\"> Regionale Lieferanten <\/div><\/span>\n\t\t\t\t\t\t\t<span class='e-n-accordion-item-title-icon'>\n\t\t\t<span class='e-opened' ><i aria-hidden=\"true\" class=\"fas fa-minus\"><\/i><\/span>\n\t\t\t<span class='e-closed'><i aria-hidden=\"true\" class=\"fas fa-plus\"><\/i><\/span>\n\t\t<\/span>\n\n\t\t\t\t\t\t<\/summary>\n\t\t\t\t<div role=\"region\" aria-labelledby=\"e-n-accordion-item-1871\" class=\"elementor-element elementor-element-31d3e89 e-con-full e-flex e-con e-child\" data-id=\"31d3e89\" data-element_type=\"container\" data-e-type=\"container\" data-settings=\"{&quot;jet_parallax_layout_list&quot;:[]}\">\n\t\t\t\t<div class=\"elementor-element elementor-element-2698a40 elementor-widget elementor-widget-text-editor\" data-id=\"2698a40\" data-element_type=\"widget\" data-e-type=\"widget\" data-widget_type=\"text-editor.default\">\n\t\t\t\t<div class=\"elementor-widget-container\">\n\t\t\t\t\t\t\t\t\t<p>Es war uns immer ein gro\u00dfes Anliegen unsere ben\u00f6tigten Lebensmittel und Produkte von Lieferanten aus der n\u00e4heren Umgebung zu beziehen. Ob es das Brot, Fleisch oder Gem\u00fcse f\u00fcr die K\u00fcche oder die Werkstoffe f\u00fcr die Werkst\u00e4tten sind \u2013 wenn immer m\u00f6glich beziehen wir die Produkte aus unserer Region.<br \/><br \/><a href=\"https:\/\/www.werkschulheim.at\/files\/images\/berichte_neu\/2021_22\/ZERTIFIKAT_N%C3%B8%20152_WERKSCHULHEIM%20FELBERTAL.pdf\" target=\"_blank\" rel=\"noopener\"><strong>\u201eSalzburgerLand Herkunfts-Zertifikat\u201c- \u201eGut zu Wissen\u201c<\/strong><\/a><\/p>\t\t\t\t\t\t\t\t<\/div>\n\t\t\t\t<\/div>\n\t\t\t\t<\/div>\n\t\t\t\t\t<\/details>\n\t\t\t\t\t\t<details id=\"e-n-accordion-item-1872\" class=\"e-n-accordion-item\" >\n\t\t\t\t<summary class=\"e-n-accordion-item-title\" data-accordion-index=\"3\" tabindex=\"-1\" aria-expanded=\"false\" aria-controls=\"e-n-accordion-item-1872\" >\n\t\t\t\t\t<span class='e-n-accordion-item-title-header'><div class=\"e-n-accordion-item-title-text\"> Trinkwasser aus eigener Quelle und eigenes Biomasseheizwerk <\/div><\/span>\n\t\t\t\t\t\t\t<span class='e-n-accordion-item-title-icon'>\n\t\t\t<span class='e-opened' ><i aria-hidden=\"true\" class=\"fas fa-minus\"><\/i><\/span>\n\t\t\t<span class='e-closed'><i aria-hidden=\"true\" class=\"fas fa-plus\"><\/i><\/span>\n\t\t<\/span>\n\n\t\t\t\t\t\t<\/summary>\n\t\t\t\t<div role=\"region\" aria-labelledby=\"e-n-accordion-item-1872\" class=\"elementor-element elementor-element-66050ae e-flex e-con-boxed e-con e-child\" data-id=\"66050ae\" data-element_type=\"container\" data-e-type=\"container\" data-settings=\"{&quot;jet_parallax_layout_list&quot;:[]}\">\n\t\t\t\t\t<div class=\"e-con-inner\">\n\t\t<div role=\"region\" aria-labelledby=\"e-n-accordion-item-1872\" class=\"elementor-element elementor-element-c4604d0 e-con-full e-flex e-con e-child\" data-id=\"c4604d0\" data-element_type=\"container\" data-e-type=\"container\" data-settings=\"{&quot;jet_parallax_layout_list&quot;:[]}\">\n\t\t\t\t<div class=\"elementor-element elementor-element-2e986b1 elementor-widget elementor-widget-text-editor\" data-id=\"2e986b1\" data-element_type=\"widget\" data-e-type=\"widget\" data-widget_type=\"text-editor.default\">\n\t\t\t\t<div class=\"elementor-widget-container\">\n\t\t\t\t\t\t\t\t\t<p>Aber auch bei der Energieversorgung war uns Nachhaltigkeit schon immer sehr wichtig. Das Trinkwasser beziehen wir von Beginn an aus unserer eigenen Quelle und unsere 17 Geb\u00e4ude versorgen wir seit 2009 mit W\u00e4rme aus unserem eigenen Biomasseheizwerk. Das Hackgut stammt aus den W\u00e4ldern der n\u00e4heren Umgebung.<\/p>\t\t\t\t\t\t\t\t<\/div>\n\t\t\t\t<\/div>\n\t\t\t\t<\/div>\n\t\t\t\t\t<\/div>\n\t\t\t\t<\/div>\n\t\t\t\t\t<\/details>\n\t\t\t\t\t\t<details id=\"e-n-accordion-item-1873\" class=\"e-n-accordion-item\" >\n\t\t\t\t<summary class=\"e-n-accordion-item-title\" data-accordion-index=\"4\" tabindex=\"-1\" aria-expanded=\"false\" aria-controls=\"e-n-accordion-item-1873\" >\n\t\t\t\t\t<span class='e-n-accordion-item-title-header'><div class=\"e-n-accordion-item-title-text\"> Thermische Sanierung von 8 Internatsgeb\u00e4uden <\/div><\/span>\n\t\t\t\t\t\t\t<span class='e-n-accordion-item-title-icon'>\n\t\t\t<span class='e-opened' ><i aria-hidden=\"true\" class=\"fas fa-minus\"><\/i><\/span>\n\t\t\t<span class='e-closed'><i aria-hidden=\"true\" class=\"fas fa-plus\"><\/i><\/span>\n\t\t<\/span>\n\n\t\t\t\t\t\t<\/summary>\n\t\t\t\t<div role=\"region\" aria-labelledby=\"e-n-accordion-item-1873\" class=\"elementor-element elementor-element-3f0179a e-flex e-con-boxed e-con e-child\" data-id=\"3f0179a\" data-element_type=\"container\" data-e-type=\"container\" data-settings=\"{&quot;jet_parallax_layout_list&quot;:[]}\">\n\t\t\t\t\t<div class=\"e-con-inner\">\n\t\t<div role=\"region\" aria-labelledby=\"e-n-accordion-item-1873\" class=\"elementor-element elementor-element-0584fe2 e-con-full e-flex e-con e-child\" data-id=\"0584fe2\" data-element_type=\"container\" data-e-type=\"container\" data-settings=\"{&quot;jet_parallax_layout_list&quot;:[]}\">\n\t\t\t\t<div class=\"elementor-element elementor-element-fe0dfb8 elementor-widget elementor-widget-text-editor\" data-id=\"fe0dfb8\" data-element_type=\"widget\" data-e-type=\"widget\" data-widget_type=\"text-editor.default\">\n\t\t\t\t<div class=\"elementor-widget-container\">\n\t\t\t\t\t\t\t\t\t<p>In den Jahren 2008 bis 2018 wurde der Gro\u00dfteil unserer Internatsgeb\u00e4ude thermisch saniert, um auch hier die wertvolle Energie sparend einzusetzen.<br \/><br \/><\/p>\t\t\t\t\t\t\t\t<\/div>\n\t\t\t\t<\/div>\n\t\t\t\t<\/div>\n\t\t\t\t\t<\/div>\n\t\t\t\t<\/div>\n\t\t\t\t\t<\/details>\n\t\t\t\t\t\t<details id=\"e-n-accordion-item-1874\" class=\"e-n-accordion-item\" >\n\t\t\t\t<summary class=\"e-n-accordion-item-title\" data-accordion-index=\"5\" tabindex=\"-1\" aria-expanded=\"false\" aria-controls=\"e-n-accordion-item-1874\" >\n\t\t\t\t\t<span class='e-n-accordion-item-title-header'><div class=\"e-n-accordion-item-title-text\"> PV-Anlagen auf fast allen D\u00e4chern f\u00fcr die Stromproduktion <\/div><\/span>\n\t\t\t\t\t\t\t<span class='e-n-accordion-item-title-icon'>\n\t\t\t<span class='e-opened' ><i aria-hidden=\"true\" class=\"fas fa-minus\"><\/i><\/span>\n\t\t\t<span class='e-closed'><i aria-hidden=\"true\" class=\"fas fa-plus\"><\/i><\/span>\n\t\t<\/span>\n\n\t\t\t\t\t\t<\/summary>\n\t\t\t\t<div role=\"region\" aria-labelledby=\"e-n-accordion-item-1874\" class=\"elementor-element elementor-element-a49cd4b e-flex e-con-boxed e-con e-child\" data-id=\"a49cd4b\" data-element_type=\"container\" data-e-type=\"container\" data-settings=\"{&quot;jet_parallax_layout_list&quot;:[]}\">\n\t\t\t\t\t<div class=\"e-con-inner\">\n\t\t<div role=\"region\" aria-labelledby=\"e-n-accordion-item-1874\" class=\"elementor-element elementor-element-3f28c0c e-con-full e-flex e-con e-child\" data-id=\"3f28c0c\" data-element_type=\"container\" data-e-type=\"container\" data-settings=\"{&quot;jet_parallax_layout_list&quot;:[]}\">\n\t\t\t\t<div class=\"elementor-element elementor-element-6c7347e elementor-widget elementor-widget-text-editor\" data-id=\"6c7347e\" data-element_type=\"widget\" data-e-type=\"widget\" data-widget_type=\"text-editor.default\">\n\t\t\t\t<div class=\"elementor-widget-container\">\n\t\t\t\t\t\t\t\t\t<p>Auf fast allen D\u00e4chern haben wir PV-Anlagen in Zusammenarbeit mit der Salzburg AG installiert. Die Anlage auf dem Haus 6 versorgt das Werkschulheim mit Strom und deckt hier die Grundlast ab. Der restliche produzierte Strom wird in das Netz der Salzburg AG eingespeist und versorgt so auch andere Haushalte oder Unternehmen mit \u00f6kologisch produziertem Strom.<\/p>\t\t\t\t\t\t\t\t<\/div>\n\t\t\t\t<\/div>\n\t\t\t\t<\/div>\n\t\t\t\t\t<\/div>\n\t\t\t\t<\/div>\n\t\t\t\t\t<\/details>\n\t\t\t\t\t\t<details id=\"e-n-accordion-item-1875\" class=\"e-n-accordion-item\" >\n\t\t\t\t<summary class=\"e-n-accordion-item-title\" data-accordion-index=\"6\" tabindex=\"-1\" aria-expanded=\"false\" aria-controls=\"e-n-accordion-item-1875\" >\n\t\t\t\t\t<span class='e-n-accordion-item-title-header'><div class=\"e-n-accordion-item-title-text\"> LED-Strassenbeleuchtung <\/div><\/span>\n\t\t\t\t\t\t\t<span class='e-n-accordion-item-title-icon'>\n\t\t\t<span class='e-opened' ><i aria-hidden=\"true\" class=\"fas fa-minus\"><\/i><\/span>\n\t\t\t<span class='e-closed'><i aria-hidden=\"true\" class=\"fas fa-plus\"><\/i><\/span>\n\t\t<\/span>\n\n\t\t\t\t\t\t<\/summary>\n\t\t\t\t<div role=\"region\" aria-labelledby=\"e-n-accordion-item-1875\" class=\"elementor-element elementor-element-4b137e3 e-flex e-con-boxed e-con e-child\" data-id=\"4b137e3\" data-element_type=\"container\" data-e-type=\"container\" data-settings=\"{&quot;jet_parallax_layout_list&quot;:[]}\">\n\t\t\t\t\t<div class=\"e-con-inner\">\n\t\t<div role=\"region\" aria-labelledby=\"e-n-accordion-item-1875\" class=\"elementor-element elementor-element-358a542 e-con-full e-flex e-con e-child\" data-id=\"358a542\" data-element_type=\"container\" data-e-type=\"container\" data-settings=\"{&quot;jet_parallax_layout_list&quot;:[]}\">\n\t\t\t\t<div class=\"elementor-element elementor-element-7e60240 elementor-widget elementor-widget-text-editor\" data-id=\"7e60240\" data-element_type=\"widget\" data-e-type=\"widget\" data-widget_type=\"text-editor.default\">\n\t\t\t\t<div class=\"elementor-widget-container\">\n\t\t\t\t\t\t\t\t\t<p>Zus\u00e4tzlich stellen wir laufend unsere Beleuchtung auf stromsparende LED-Technik um.<\/p>\t\t\t\t\t\t\t\t<\/div>\n\t\t\t\t<\/div>\n\t\t\t\t<\/div>\n\t\t\t\t\t<\/div>\n\t\t\t\t<\/div>\n\t\t\t\t\t<\/details>\n\t\t\t\t\t\t<details id=\"e-n-accordion-item-1876\" class=\"e-n-accordion-item\" >\n\t\t\t\t<summary class=\"e-n-accordion-item-title\" data-accordion-index=\"7\" tabindex=\"-1\" aria-expanded=\"false\" aria-controls=\"e-n-accordion-item-1876\" >\n\t\t\t\t\t<span class='e-n-accordion-item-title-header'><div class=\"e-n-accordion-item-title-text\"> E-Autos im Fuhrpark <\/div><\/span>\n\t\t\t\t\t\t\t<span class='e-n-accordion-item-title-icon'>\n\t\t\t<span class='e-opened' ><i aria-hidden=\"true\" class=\"fas fa-minus\"><\/i><\/span>\n\t\t\t<span class='e-closed'><i aria-hidden=\"true\" class=\"fas fa-plus\"><\/i><\/span>\n\t\t<\/span>\n\n\t\t\t\t\t\t<\/summary>\n\t\t\t\t<div role=\"region\" aria-labelledby=\"e-n-accordion-item-1876\" class=\"elementor-element elementor-element-d068ab8 e-flex e-con-boxed e-con e-child\" data-id=\"d068ab8\" data-element_type=\"container\" data-e-type=\"container\" data-settings=\"{&quot;jet_parallax_layout_list&quot;:[]}\">\n\t\t\t\t\t<div class=\"e-con-inner\">\n\t\t<div role=\"region\" aria-labelledby=\"e-n-accordion-item-1876\" class=\"elementor-element elementor-element-413a5b8 e-con-full e-flex e-con e-child\" data-id=\"413a5b8\" data-element_type=\"container\" data-e-type=\"container\" data-settings=\"{&quot;jet_parallax_layout_list&quot;:[]}\">\n\t\t\t\t<div class=\"elementor-element elementor-element-a42ae87 elementor-widget elementor-widget-text-editor\" data-id=\"a42ae87\" data-element_type=\"widget\" data-e-type=\"widget\" data-widget_type=\"text-editor.default\">\n\t\t\t\t<div class=\"elementor-widget-container\">\n\t\t\t\t\t\t\t\t\t<p>In unserem Fuhrpark befinden sich mittlerweile 3 rein elektrisch betriebene Fahrzeuge.<\/p>\t\t\t\t\t\t\t\t<\/div>\n\t\t\t\t<\/div>\n\t\t\t\t<\/div>\n\t\t\t\t\t<\/div>\n\t\t\t\t<\/div>\n\t\t\t\t\t<\/details>\n\t\t\t\t\t\t<details id=\"e-n-accordion-item-1877\" class=\"e-n-accordion-item\" >\n\t\t\t\t<summary class=\"e-n-accordion-item-title\" data-accordion-index=\"8\" tabindex=\"-1\" aria-expanded=\"false\" aria-controls=\"e-n-accordion-item-1877\" >\n\t\t\t\t\t<span class='e-n-accordion-item-title-header'><div class=\"e-n-accordion-item-title-text\"> St\u00e4ndiger Ausbau der Anbindung an den \u00f6ffentlichen Verkehr f\u00fcr den Sch\u00fclertransport <\/div><\/span>\n\t\t\t\t\t\t\t<span class='e-n-accordion-item-title-icon'>\n\t\t\t<span class='e-opened' ><i aria-hidden=\"true\" class=\"fas fa-minus\"><\/i><\/span>\n\t\t\t<span class='e-closed'><i aria-hidden=\"true\" class=\"fas fa-plus\"><\/i><\/span>\n\t\t<\/span>\n\n\t\t\t\t\t\t<\/summary>\n\t\t\t\t<div role=\"region\" aria-labelledby=\"e-n-accordion-item-1877\" class=\"elementor-element elementor-element-e7080c0 e-flex e-con-boxed e-con e-child\" data-id=\"e7080c0\" data-element_type=\"container\" data-e-type=\"container\" data-settings=\"{&quot;jet_parallax_layout_list&quot;:[]}\">\n\t\t\t\t\t<div class=\"e-con-inner\">\n\t\t<div role=\"region\" aria-labelledby=\"e-n-accordion-item-1877\" class=\"elementor-element elementor-element-389c87b e-con-full e-flex e-con e-child\" data-id=\"389c87b\" data-element_type=\"container\" data-e-type=\"container\" data-settings=\"{&quot;jet_parallax_layout_list&quot;:[]}\">\n\t\t\t\t<div class=\"elementor-element elementor-element-a5e9239 elementor-widget elementor-widget-text-editor\" data-id=\"a5e9239\" data-element_type=\"widget\" data-e-type=\"widget\" data-widget_type=\"text-editor.default\">\n\t\t\t\t<div class=\"elementor-widget-container\">\n\t\t\t\t\t\t\t\t\t<p>Durch die st\u00e4ndige Verbesserung der Anbindung an den \u00f6ffentlichen Verkehr tragen wir auch hier wesentlich dazu bei, unn\u00f6tige PKW-Kilometer zur Personenbef\u00f6rderung einzusparen. Mittlerweile gibt es auch direkte Anbindungen aus Mondsee und Hallein zum Werkschulheim.<\/p>\t\t\t\t\t\t\t\t<\/div>\n\t\t\t\t<\/div>\n\t\t\t\t<\/div>\n\t\t\t\t\t<\/div>\n\t\t\t\t<\/div>\n\t\t\t\t\t<\/details>\n\t\t\t\t\t\t<details id=\"e-n-accordion-item-1878\" class=\"e-n-accordion-item\" >\n\t\t\t\t<summary class=\"e-n-accordion-item-title\" data-accordion-index=\"9\" tabindex=\"-1\" aria-expanded=\"false\" aria-controls=\"e-n-accordion-item-1878\" >\n\t\t\t\t\t<span class='e-n-accordion-item-title-header'><div class=\"e-n-accordion-item-title-text\"> Mehrweg-Trinkflaschen f\u00fcr alle Sch\u00fcler <\/div><\/span>\n\t\t\t\t\t\t\t<span class='e-n-accordion-item-title-icon'>\n\t\t\t<span class='e-opened' ><i aria-hidden=\"true\" class=\"fas fa-minus\"><\/i><\/span>\n\t\t\t<span class='e-closed'><i aria-hidden=\"true\" class=\"fas fa-plus\"><\/i><\/span>\n\t\t<\/span>\n\n\t\t\t\t\t\t<\/summary>\n\t\t\t\t<div role=\"region\" aria-labelledby=\"e-n-accordion-item-1878\" class=\"elementor-element elementor-element-49031c2 e-flex e-con-boxed e-con e-child\" data-id=\"49031c2\" data-element_type=\"container\" data-e-type=\"container\" data-settings=\"{&quot;jet_parallax_layout_list&quot;:[]}\">\n\t\t\t\t\t<div class=\"e-con-inner\">\n\t\t<div role=\"region\" aria-labelledby=\"e-n-accordion-item-1878\" class=\"elementor-element elementor-element-6f5f6ca e-con-full e-flex e-con e-child\" data-id=\"6f5f6ca\" data-element_type=\"container\" data-e-type=\"container\" data-settings=\"{&quot;jet_parallax_layout_list&quot;:[]}\">\n\t\t\t\t<div class=\"elementor-element elementor-element-267d95c elementor-widget elementor-widget-text-editor\" data-id=\"267d95c\" data-element_type=\"widget\" data-e-type=\"widget\" data-widget_type=\"text-editor.default\">\n\t\t\t\t<div class=\"elementor-widget-container\">\n\t\t\t\t\t\t\t\t\t<p>Unsere Sch\u00fcler statten wir seit einigen Jahren mit Mehrweg-Trinkflaschen aus, die sie an unseren Trinkwasserspendern auff\u00fcllen k\u00f6nnen. Das tr\u00e4gt zur Gesundheit der Sch\u00fcler bei und vermeidet unn\u00f6tigen M\u00fcll.<\/p>\t\t\t\t\t\t\t\t<\/div>\n\t\t\t\t<\/div>\n\t\t\t\t<\/div>\n\t\t\t\t\t<\/div>\n\t\t\t\t<\/div>\n\t\t\t\t\t<\/details>\n\t\t\t\t\t\t<details id=\"e-n-accordion-item-1879\" class=\"e-n-accordion-item\" >\n\t\t\t\t<summary class=\"e-n-accordion-item-title\" data-accordion-index=\"10\" tabindex=\"-1\" aria-expanded=\"false\" aria-controls=\"e-n-accordion-item-1879\" >\n\t\t\t\t\t<span class='e-n-accordion-item-title-header'><div class=\"e-n-accordion-item-title-text\"> Klimab\u00fcndnisbetrieb seit 2015 <\/div><\/span>\n\t\t\t\t\t\t\t<span class='e-n-accordion-item-title-icon'>\n\t\t\t<span class='e-opened' ><i aria-hidden=\"true\" class=\"fas fa-minus\"><\/i><\/span>\n\t\t\t<span class='e-closed'><i aria-hidden=\"true\" class=\"fas fa-plus\"><\/i><\/span>\n\t\t<\/span>\n\n\t\t\t\t\t\t<\/summary>\n\t\t\t\t<div role=\"region\" aria-labelledby=\"e-n-accordion-item-1879\" class=\"elementor-element elementor-element-d99e46f e-flex e-con-boxed e-con e-child\" data-id=\"d99e46f\" data-element_type=\"container\" data-e-type=\"container\" data-settings=\"{&quot;jet_parallax_layout_list&quot;:[]}\">\n\t\t\t\t\t<div class=\"e-con-inner\">\n\t\t<div role=\"region\" aria-labelledby=\"e-n-accordion-item-1879\" class=\"elementor-element elementor-element-cb8f60f e-con-full e-flex e-con e-child\" data-id=\"cb8f60f\" data-element_type=\"container\" data-e-type=\"container\" data-settings=\"{&quot;jet_parallax_layout_list&quot;:[]}\">\n\t\t\t\t<div class=\"elementor-element elementor-element-b279604 elementor-widget elementor-widget-text-editor\" data-id=\"b279604\" data-element_type=\"widget\" data-e-type=\"widget\" data-widget_type=\"text-editor.default\">\n\t\t\t\t<div class=\"elementor-widget-container\">\n\t\t\t\t\t\t\t\t\t<p>Alle diese Ma\u00dfnahmen haben dazu gef\u00fchrt, dass wir seit 2015 als Klimab\u00fcndnisbetrieb gef\u00fchrt werden.<\/p>\t\t\t\t\t\t\t\t<\/div>\n\t\t\t\t<\/div>\n\t\t\t\t<\/div>\n\t\t\t\t\t<\/div>\n\t\t\t\t<\/div>\n\t\t\t\t\t<\/details>\n\t\t\t\t\t<\/div>\n\t\t\t\t\t\t<\/div>\n\t\t\t\t<\/div>\n\t\t\t\t<div class=\"elementor-element elementor-element-ea408d2 elementor-widget elementor-widget-text-editor\" data-id=\"ea408d2\" data-element_type=\"widget\" data-e-type=\"widget\" data-widget_type=\"text-editor.default\">\n\t\t\t\t<div class=\"elementor-widget-container\">\n\t\t\t\t\t\t\t\t\t<p>Aber der Weg geht noch weiter und beim anstehenden Schulbauprojekt (Sanierung und Erweiterung Schul- und Verwaltungstrakt) wird das Thema Nachhaltigkeit in die Planung und Umsetzung einbezogen.<\/p>\t\t\t\t\t\t\t\t<\/div>\n\t\t\t\t<\/div>\n\t\t\t\t<\/div>\n\t\t\t\t\t<\/div>\n\t\t\t\t<\/div>\n\t\t<div class=\"elementor-element elementor-element-9d38357 e-flex e-con-boxed e-con e-parent\" data-id=\"9d38357\" data-element_type=\"container\" data-e-type=\"container\" data-settings=\"{&quot;jet_parallax_layout_list&quot;:[]}\">\n\t\t\t\t\t<div class=\"e-con-inner\">\n\t\t\t\t<div class=\"elementor-element elementor-element-5b6f128 elementor-widget elementor-widget-jet-listing-grid\" data-id=\"5b6f128\" data-element_type=\"widget\" data-e-type=\"widget\" data-settings=\"{&quot;columns&quot;:&quot;3&quot;,&quot;columns_tablet&quot;:&quot;2&quot;,&quot;columns_mobile&quot;:&quot;1&quot;}\" data-widget_type=\"jet-listing-grid.default\">\n\t\t\t\t<div class=\"elementor-widget-container\">\n\t\t\t\t\t<div class=\"jet-listing-grid jet-listing\"><div class=\"jet-listing-grid__items grid-col-desk-3 grid-col-tablet-2 grid-col-mobile-1 jet-listing-grid--927\" data-queried-id=\"1099|WP_Post\" data-nav=\"{&quot;enabled&quot;:false,&quot;type&quot;:null,&quot;more_el&quot;:null,&quot;query&quot;:[],&quot;widget_settings&quot;:{&quot;lisitng_id&quot;:927,&quot;posts_num&quot;:6,&quot;columns&quot;:3,&quot;columns_tablet&quot;:2,&quot;columns_mobile&quot;:1,&quot;column_min_width&quot;:240,&quot;column_min_width_tablet&quot;:240,&quot;column_min_width_mobile&quot;:240,&quot;inline_columns_css&quot;:false,&quot;is_archive_template&quot;:&quot;&quot;,&quot;post_status&quot;:[&quot;publish&quot;],&quot;use_random_posts_num&quot;:&quot;&quot;,&quot;max_posts_num&quot;:9,&quot;not_found_message&quot;:&quot;No data was found&quot;,&quot;is_masonry&quot;:false,&quot;equal_columns_height&quot;:&quot;&quot;,&quot;use_load_more&quot;:&quot;&quot;,&quot;load_more_id&quot;:&quot;&quot;,&quot;load_more_type&quot;:&quot;click&quot;,&quot;load_more_offset&quot;:{&quot;unit&quot;:&quot;px&quot;,&quot;size&quot;:0,&quot;sizes&quot;:[]},&quot;use_custom_post_types&quot;:&quot;&quot;,&quot;custom_post_types&quot;:[],&quot;hide_widget_if&quot;:&quot;&quot;,&quot;carousel_enabled&quot;:&quot;&quot;,&quot;slides_to_scroll&quot;:&quot;1&quot;,&quot;arrows&quot;:&quot;true&quot;,&quot;arrow_icon&quot;:&quot;fa fa-angle-left&quot;,&quot;dots&quot;:&quot;&quot;,&quot;autoplay&quot;:&quot;true&quot;,&quot;pause_on_hover&quot;:&quot;true&quot;,&quot;autoplay_speed&quot;:5000,&quot;infinite&quot;:&quot;true&quot;,&quot;center_mode&quot;:&quot;&quot;,&quot;effect&quot;:&quot;slide&quot;,&quot;speed&quot;:500,&quot;inject_alternative_items&quot;:&quot;&quot;,&quot;injection_items&quot;:[],&quot;scroll_slider_enabled&quot;:&quot;&quot;,&quot;scroll_slider_on&quot;:[&quot;desktop&quot;,&quot;tablet&quot;,&quot;mobile&quot;],&quot;custom_query&quot;:&quot;yes&quot;,&quot;custom_query_id&quot;:&quot;10&quot;,&quot;_element_id&quot;:&quot;&quot;,&quot;collapse_first_last_gap&quot;:false,&quot;list_tag_selection&quot;:&quot;&quot;,&quot;list_items_wrapper_tag&quot;:&quot;div&quot;,&quot;list_item_tag&quot;:&quot;div&quot;,&quot;empty_items_wrapper_tag&quot;:&quot;div&quot;}}\" data-page=\"1\" data-pages=\"1\" data-listing-source=\"query\" data-listing-id=\"927\" data-query-id=\"10\"><div class=\"jet-listing-grid__item jet-listing-dynamic-post-1488\" data-post-id=\"1488\"  ><style type=\"text\/css\">.jet-listing-dynamic-post-1488 .elementor-element.elementor-element-8f1820f:not(.elementor-motion-effects-element-type-background), .jet-listing-dynamic-post-1488 .elementor-element.elementor-element-8f1820f > .elementor-motion-effects-container > .elementor-motion-effects-layer{background-image:url(\"https:\/\/www.werkschulheim.at\/wp-content\/uploads\/2025\/06\/Werkschulheim_Felbertal_Gymnasium_Handwerk_Internat_Sonnenenergie_2020-811c471c.jpg\");}<\/style>\t\t<div data-elementor-type=\"jet-listing-items\" data-elementor-id=\"927\" class=\"elementor elementor-927\" data-elementor-post-type=\"jet-engine\">\n\t\t\t\t<a class=\"elementor-element elementor-element-e540b58 e-flex e-con-boxed e-con e-parent\" data-id=\"e540b58\" data-element_type=\"container\" data-e-type=\"container\" data-settings=\"{&quot;jet_parallax_layout_list&quot;:[]}\" href=\"https:\/\/www.werkschulheim.at\/en\/current\/solar-energy\/\">\n\t\t\t\t\t<div class=\"e-con-inner\">\n\t\t<div class=\"elementor-element elementor-element-8f1820f e-con-full e-flex e-con e-child\" data-id=\"8f1820f\" data-element_type=\"container\" data-e-type=\"container\" data-settings=\"{&quot;background_background&quot;:&quot;classic&quot;,&quot;jet_parallax_layout_list&quot;:[]}\">\n\t\t\t\t<\/div>\n\t\t<div class=\"elementor-element elementor-element-79efa10 e-con-full e-flex e-con e-child\" data-id=\"79efa10\" data-element_type=\"container\" data-e-type=\"container\" data-settings=\"{&quot;background_background&quot;:&quot;classic&quot;,&quot;jet_parallax_layout_list&quot;:[]}\">\n\t\t\t\t<div class=\"elementor-element elementor-element-b16c93a elementor-widget elementor-widget-text-editor\" data-id=\"b16c93a\" data-element_type=\"widget\" data-e-type=\"widget\" data-widget_type=\"text-editor.default\">\n\t\t\t\t<div class=\"elementor-widget-container\">\n\t\t\t\t\t\t\t\t\tWerkschulheim Felbertal setzt auf Sonnenenergie\t\t\t\t\t\t\t\t<\/div>\n\t\t\t\t<\/div>\n\t\t\t\t<div class=\"elementor-element elementor-element-26642c1 elementor-widget elementor-widget-jet-listing-dynamic-meta\" data-id=\"26642c1\" data-element_type=\"widget\" data-e-type=\"widget\" data-widget_type=\"jet-listing-dynamic-meta.default\">\n\t\t\t\t<div class=\"elementor-widget-container\">\n\t\t\t\t\t<div class=\"jet-listing jet-listing-dynamic-meta meta-layout-inline\"><div class=\"jet-listing-dynamic-meta__date jet-listing-dynamic-meta__item\"><a href=\"https:\/\/www.werkschulheim.at\/en\/2025\/06\/\" class=\"jet-listing-dynamic-meta__item-val\"><time datetime=\"2025-06-16T12:02:41+00:00\">16. June 2025<\/time><\/a><\/div><\/div>\t\t\t\t<\/div>\n\t\t\t\t<\/div>\n\t\t\t\t<\/div>\n\t\t\t\t\t<\/div>\n\t\t\t\t<\/a>\n\t\t\t\t<\/div>\n\t\t<\/div><\/div><\/div>\t\t\t\t<\/div>\n\t\t\t\t<\/div>\n\t\t\t\t\t<\/div>\n\t\t\t\t<\/div>\n\t\t<div class=\"elementor-element elementor-element-5855002 e-con-full e-flex e-con e-parent\" data-id=\"5855002\" data-element_type=\"container\" data-e-type=\"container\" data-settings=\"{&quot;background_background&quot;:&quot;classic&quot;,&quot;jet_parallax_layout_list&quot;:[]}\">\n\t\t\t\t<div class=\"elementor-element elementor-element-0278bd7 elementor-widget elementor-widget-heading\" data-id=\"0278bd7\" data-element_type=\"widget\" data-e-type=\"widget\" data-widget_type=\"heading.default\">\n\t\t\t\t<div class=\"elementor-widget-container\">\n\t\t\t\t\t<h1 class=\"elementor-heading-title elementor-size-default\">weitere Links<\/h1>\t\t\t\t<\/div>\n\t\t\t\t<\/div>\n\t\t<div class=\"elementor-element elementor-element-f980ab4 e-con-full e-flex e-con e-child\" data-id=\"f980ab4\" data-element_type=\"container\" data-e-type=\"container\" data-settings=\"{&quot;jet_parallax_layout_list&quot;:[]}\">\n\t\t\t\t<div class=\"elementor-element elementor-element-1735b3d elementor-align-left elementor-widget elementor-widget-button\" data-id=\"1735b3d\" data-element_type=\"widget\" data-e-type=\"widget\" data-widget_type=\"button.default\">\n\t\t\t\t<div class=\"elementor-widget-container\">\n\t\t\t\t\t\t\t\t\t<div class=\"elementor-button-wrapper\">\n\t\t\t\t\t<a class=\"elementor-button elementor-button-link elementor-size-sm\" href=\"https:\/\/alumni.werkschulheim.at\/\" target=\"_blank\">\n\t\t\t\t\t\t<span class=\"elementor-button-content-wrapper\">\n\t\t\t\t\t\t\t\t\t<span class=\"elementor-button-text\">Altfelbertaler - Alumniverein<\/span>\n\t\t\t\t\t<\/span>\n\t\t\t\t\t<\/a>\n\t\t\t\t<\/div>\n\t\t\t\t\t\t\t\t<\/div>\n\t\t\t\t<\/div>\n\t\t\t\t<div class=\"elementor-element elementor-element-91764af elementor-align-left elementor-widget elementor-widget-button\" data-id=\"91764af\" data-element_type=\"widget\" data-e-type=\"widget\" data-widget_type=\"button.default\">\n\t\t\t\t<div class=\"elementor-widget-container\">\n\t\t\t\t\t\t\t\t\t<div class=\"elementor-button-wrapper\">\n\t\t\t\t\t<a class=\"elementor-button elementor-button-link elementor-size-sm\" href=\"https:\/\/f6k.bd9.myftpupload.com\/wp-content\/uploads\/2025\/06\/Prospekt_Werkschulheim_Felbertal.pdf\" target=\"_blank\">\n\t\t\t\t\t\t<span class=\"elementor-button-content-wrapper\">\n\t\t\t\t\t\t\t\t\t<span class=\"elementor-button-text\">Schulprospekt Download<\/span>\n\t\t\t\t\t<\/span>\n\t\t\t\t\t<\/a>\n\t\t\t\t<\/div>\n\t\t\t\t\t\t\t\t<\/div>\n\t\t\t\t<\/div>\n\t\t\t\t<\/div>\n\t\t\t\t<\/div>\n\t\t\t\t<\/div>\n\t\t","protected":false},"excerpt":{"rendered":"<p>NACHHALTIGKEIT Nachhaltigkeit am Werkschulheim Schon immer haben wir am Werkschulheim Felbertal viel Wert auf Nachhaltigkeit gelegt und dies in den letzten Jahren noch verst\u00e4rkt. ausgeblendet Lorem ipsum dolor sit amet, consectetur adipiscing elit. Ut elit tellus, luctus nec ullamcorper mattis, pulvinar dapibus leo. Regionale Lieferanten Es war uns immer ein gro\u00dfes Anliegen unsere ben\u00f6tigten Lebensmittel [&hellip;]<\/p>\n","protected":false},"author":1,"featured_media":0,"parent":0,"menu_order":0,"comment_status":"closed","ping_status":"closed","template":"","meta":{"footnotes":""},"class_list":["post-1099","page","type-page","status-publish","hentry"],"yoast_head":"<!-- This site is optimized with the Yoast SEO plugin v27.4 - https:\/\/yoast.com\/product\/yoast-seo-wordpress\/ -->\n<title>Nachhaltigkeit - Werkschulheim Felbertal<\/title>\n<meta name=\"robots\" content=\"index, follow, max-snippet:-1, max-image-preview:large, max-video-preview:-1\" \/>\n<link rel=\"canonical\" href=\"https:\/\/www.werkschulheim.at\/en\/sustainability\/\" \/>\n<meta property=\"og:locale\" content=\"en_GB\" \/>\n<meta property=\"og:type\" content=\"article\" \/>\n<meta property=\"og:title\" content=\"Nachhaltigkeit - Werkschulheim Felbertal\" \/>\n<meta property=\"og:description\" content=\"NACHHALTIGKEIT Nachhaltigkeit am Werkschulheim Schon immer haben wir am Werkschulheim Felbertal viel Wert auf Nachhaltigkeit gelegt und dies in den letzten Jahren noch verst\u00e4rkt. ausgeblendet Lorem ipsum dolor sit amet, consectetur adipiscing elit. Ut elit tellus, luctus nec ullamcorper mattis, pulvinar dapibus leo. Regionale Lieferanten Es war uns immer ein gro\u00dfes Anliegen unsere ben\u00f6tigten Lebensmittel [&hellip;]\" \/>\n<meta property=\"og:url\" content=\"https:\/\/www.werkschulheim.at\/en\/sustainability\/\" \/>\n<meta property=\"og:site_name\" content=\"Werkschulheim Felbertal\" \/>\n<meta property=\"article:publisher\" content=\"https:\/\/facebook.com\/werkschulheim\" \/>\n<meta property=\"article:modified_time\" content=\"2025-12-10T07:35:07+00:00\" \/>\n<meta property=\"og:image\" content=\"https:\/\/www.werkschulheim.at\/wp-content\/uploads\/2025\/06\/Werkschulheim2_2000px.jpg\" \/>\n\t<meta property=\"og:image:width\" content=\"2000\" \/>\n\t<meta property=\"og:image:height\" content=\"1125\" \/>\n\t<meta property=\"og:image:type\" content=\"image\/jpeg\" \/>\n<meta name=\"twitter:card\" content=\"summary_large_image\" \/>\n<meta name=\"twitter:label1\" content=\"Estimated reading time\" \/>\n\t<meta name=\"twitter:data1\" content=\"4 minutes\" \/>\n<script type=\"application\/ld+json\" class=\"yoast-schema-graph\">{\"@context\":\"https:\\\/\\\/schema.org\",\"@graph\":[{\"@type\":\"WebPage\",\"@id\":\"https:\\\/\\\/www.werkschulheim.at\\\/nachhaltigkeit\\\/\",\"url\":\"https:\\\/\\\/www.werkschulheim.at\\\/nachhaltigkeit\\\/\",\"name\":\"Nachhaltigkeit - Werkschulheim Felbertal\",\"isPartOf\":{\"@id\":\"https:\\\/\\\/www.werkschulheim.at\\\/#website\"},\"datePublished\":\"2025-06-11T13:30:37+00:00\",\"dateModified\":\"2025-12-10T07:35:07+00:00\",\"breadcrumb\":{\"@id\":\"https:\\\/\\\/www.werkschulheim.at\\\/nachhaltigkeit\\\/#breadcrumb\"},\"inLanguage\":\"en-GB\",\"potentialAction\":[{\"@type\":\"ReadAction\",\"target\":[\"https:\\\/\\\/www.werkschulheim.at\\\/nachhaltigkeit\\\/\"]}]},{\"@type\":\"BreadcrumbList\",\"@id\":\"https:\\\/\\\/www.werkschulheim.at\\\/nachhaltigkeit\\\/#breadcrumb\",\"itemListElement\":[{\"@type\":\"ListItem\",\"position\":1,\"name\":\"Startseite\",\"item\":\"https:\\\/\\\/www.werkschulheim.at\\\/\"},{\"@type\":\"ListItem\",\"position\":2,\"name\":\"Nachhaltigkeit\"}]},{\"@type\":\"WebSite\",\"@id\":\"https:\\\/\\\/www.werkschulheim.at\\\/#website\",\"url\":\"https:\\\/\\\/www.werkschulheim.at\\\/\",\"name\":\"Werksschulheim Felbertal\",\"description\":\"Zukunfts-Campus\",\"publisher\":{\"@id\":\"https:\\\/\\\/www.werkschulheim.at\\\/#organization\"},\"alternateName\":\"Privatgymnasium Salzburg\",\"potentialAction\":[{\"@type\":\"SearchAction\",\"target\":{\"@type\":\"EntryPoint\",\"urlTemplate\":\"https:\\\/\\\/www.werkschulheim.at\\\/?s={search_term_string}\"},\"query-input\":{\"@type\":\"PropertyValueSpecification\",\"valueRequired\":true,\"valueName\":\"search_term_string\"}}],\"inLanguage\":\"en-GB\"},{\"@type\":\"Organization\",\"@id\":\"https:\\\/\\\/www.werkschulheim.at\\\/#organization\",\"name\":\"Werksschulheim Felbertal\",\"alternateName\":\"Privatgymnasium Salzburg\",\"url\":\"https:\\\/\\\/www.werkschulheim.at\\\/\",\"logo\":{\"@type\":\"ImageObject\",\"inLanguage\":\"en-GB\",\"@id\":\"https:\\\/\\\/www.werkschulheim.at\\\/#\\\/schema\\\/logo\\\/image\\\/\",\"url\":\"https:\\\/\\\/www.werkschulheim.at\\\/wp-content\\\/uploads\\\/2025\\\/04\\\/Logo-WSH-hochformatig-linksbuendig-cmyk.svg\",\"contentUrl\":\"https:\\\/\\\/www.werkschulheim.at\\\/wp-content\\\/uploads\\\/2025\\\/04\\\/Logo-WSH-hochformatig-linksbuendig-cmyk.svg\",\"width\":1527,\"height\":711,\"caption\":\"Werksschulheim Felbertal\"},\"image\":{\"@id\":\"https:\\\/\\\/www.werkschulheim.at\\\/#\\\/schema\\\/logo\\\/image\\\/\"},\"sameAs\":[\"https:\\\/\\\/facebook.com\\\/werkschulheim\",\"https:\\\/\\\/www.instagram.com\\\/werkschulheim.felbertal\\\/\",\"https:\\\/\\\/www.youtube.com\\\/user\\\/wshfelbertal\"]}]}<\/script>\n<!-- \/ Yoast SEO plugin. -->","yoast_head_json":{"title":"Sustainability - Werkschulheim Felbertal","robots":{"index":"index","follow":"follow","max-snippet":"max-snippet:-1","max-image-preview":"max-image-preview:large","max-video-preview":"max-video-preview:-1"},"canonical":"https:\/\/www.werkschulheim.at\/en\/sustainability\/","og_locale":"en_GB","og_type":"article","og_title":"Nachhaltigkeit - Werkschulheim Felbertal","og_description":"NACHHALTIGKEIT Nachhaltigkeit am Werkschulheim Schon immer haben wir am Werkschulheim Felbertal viel Wert auf Nachhaltigkeit gelegt und dies in den letzten Jahren noch verst\u00e4rkt. ausgeblendet Lorem ipsum dolor sit amet, consectetur adipiscing elit. Ut elit tellus, luctus nec ullamcorper mattis, pulvinar dapibus leo. Regionale Lieferanten Es war uns immer ein gro\u00dfes Anliegen unsere ben\u00f6tigten Lebensmittel [&hellip;]","og_url":"https:\/\/www.werkschulheim.at\/en\/sustainability\/","og_site_name":"Werkschulheim Felbertal","article_publisher":"https:\/\/facebook.com\/werkschulheim","article_modified_time":"2025-12-10T07:35:07+00:00","og_image":[{"width":2000,"height":1125,"url":"https:\/\/www.werkschulheim.at\/wp-content\/uploads\/2025\/06\/Werkschulheim2_2000px.jpg","type":"image\/jpeg"}],"twitter_card":"summary_large_image","twitter_misc":{"Estimated reading time":"4 minutes"},"schema":{"@context":"https:\/\/schema.org","@graph":[{"@type":"WebPage","@id":"https:\/\/www.werkschulheim.at\/nachhaltigkeit\/","url":"https:\/\/www.werkschulheim.at\/nachhaltigkeit\/","name":"Sustainability - Werkschulheim Felbertal","isPartOf":{"@id":"https:\/\/www.werkschulheim.at\/#website"},"datePublished":"2025-06-11T13:30:37+00:00","dateModified":"2025-12-10T07:35:07+00:00","breadcrumb":{"@id":"https:\/\/www.werkschulheim.at\/nachhaltigkeit\/#breadcrumb"},"inLanguage":"en-GB","potentialAction":[{"@type":"ReadAction","target":["https:\/\/www.werkschulheim.at\/nachhaltigkeit\/"]}]},{"@type":"BreadcrumbList","@id":"https:\/\/www.werkschulheim.at\/nachhaltigkeit\/#breadcrumb","itemListElement":[{"@type":"ListItem","position":1,"name":"Startseite","item":"https:\/\/www.werkschulheim.at\/"},{"@type":"ListItem","position":2,"name":"Nachhaltigkeit"}]},{"@type":"WebSite","@id":"https:\/\/www.werkschulheim.at\/#website","url":"https:\/\/www.werkschulheim.at\/","name":"Felbertal factory school","description":"Future Campus","publisher":{"@id":"https:\/\/www.werkschulheim.at\/#organization"},"alternateName":"Privatgymnasium Salzburg","potentialAction":[{"@type":"SearchAction","target":{"@type":"EntryPoint","urlTemplate":"https:\/\/www.werkschulheim.at\/?s={search_term_string}"},"query-input":{"@type":"PropertyValueSpecification","valueRequired":true,"valueName":"search_term_string"}}],"inLanguage":"en-GB"},{"@type":"Organization","@id":"https:\/\/www.werkschulheim.at\/#organization","name":"Felbertal factory school","alternateName":"Privatgymnasium Salzburg","url":"https:\/\/www.werkschulheim.at\/","logo":{"@type":"ImageObject","inLanguage":"en-GB","@id":"https:\/\/www.werkschulheim.at\/#\/schema\/logo\/image\/","url":"https:\/\/www.werkschulheim.at\/wp-content\/uploads\/2025\/04\/Logo-WSH-hochformatig-linksbuendig-cmyk.svg","contentUrl":"https:\/\/www.werkschulheim.at\/wp-content\/uploads\/2025\/04\/Logo-WSH-hochformatig-linksbuendig-cmyk.svg","width":1527,"height":711,"caption":"Werksschulheim Felbertal"},"image":{"@id":"https:\/\/www.werkschulheim.at\/#\/schema\/logo\/image\/"},"sameAs":["https:\/\/facebook.com\/werkschulheim","https:\/\/www.instagram.com\/werkschulheim.felbertal\/","https:\/\/www.youtube.com\/user\/wshfelbertal"]}]}},"_links":{"self":[{"href":"https:\/\/www.werkschulheim.at\/en\/wp-json\/wp\/v2\/pages\/1099","targetHints":{"allow":["GET"]}}],"collection":[{"href":"https:\/\/www.werkschulheim.at\/en\/wp-json\/wp\/v2\/pages"}],"about":[{"href":"https:\/\/www.werkschulheim.at\/en\/wp-json\/wp\/v2\/types\/page"}],"author":[{"embeddable":true,"href":"https:\/\/www.werkschulheim.at\/en\/wp-json\/wp\/v2\/users\/1"}],"replies":[{"embeddable":true,"href":"https:\/\/www.werkschulheim.at\/en\/wp-json\/wp\/v2\/comments?post=1099"}],"version-history":[{"count":28,"href":"https:\/\/www.werkschulheim.at\/en\/wp-json\/wp\/v2\/pages\/1099\/revisions"}],"predecessor-version":[{"id":3125,"href":"https:\/\/www.werkschulheim.at\/en\/wp-json\/wp\/v2\/pages\/1099\/revisions\/3125"}],"wp:attachment":[{"href":"https:\/\/www.werkschulheim.at\/en\/wp-json\/wp\/v2\/media?parent=1099"}],"curies":[{"name":"wp","href":"https:\/\/api.w.org\/{rel}","templated":true}]}}